{"id":11367,"date":"2023-08-30T12:15:58","date_gmt":"2023-08-30T10:15:58","guid":{"rendered":"https:\/\/wolkenrot.at\/online-services\/happy-hour\/"},"modified":"2023-08-30T12:16:00","modified_gmt":"2023-08-30T10:16:00","slug":"happy-hour","status":"publish","type":"page","link":"https:\/\/wolkenrot.at\/en\/online-services\/happy-hour\/","title":{"rendered":"Happy Hour"},"content":{"rendered":"<p>[et_pb_section fb_built=&#8221;1&#8243; _builder_version=&#8221;4.16&#8243; _module_preset=&#8221;a4ee8ecb-c914-4221-bb9c-9031a95350be&#8221; global_colors_info=&#8221;{}&#8221;][et_pb_row _builder_version=&#8221;4.16&#8243; _module_preset=&#8221;default&#8221; global_colors_info=&#8221;{}&#8221;][et_pb_column type=&#8221;4_4&#8243; _builder_version=&#8221;4.16&#8243; _module_preset=&#8221;default&#8221; global_colors_info=&#8221;{}&#8221;][et_pb_text _builder_version=&#8221;4.16&#8243; _module_preset=&#8221;fcebbca6-4326-4510-a5ef-2898cf898083&#8243; global_colors_info=&#8221;{}&#8221;]<\/p>\n<h2>Schalte (dich) ein!<\/h2>\n<h1>Happy Hour<\/h1>\n<p>[\/et_pb_text][\/et_pb_column][\/et_pb_row][\/et_pb_section][et_pb_section fb_built=&#8221;1&#8243; module_id=&#8221;handelskv&#8221; _builder_version=&#8221;4.16&#8243; _module_preset=&#8221;default&#8221; custom_padding=&#8221;0px|||||&#8221; global_colors_info=&#8221;{}&#8221;][et_pb_row _builder_version=&#8221;4.16&#8243; _module_preset=&#8221;default&#8221; global_colors_info=&#8221;{}&#8221;][et_pb_column type=&#8221;4_4&#8243; _builder_version=&#8221;4.16&#8243; _module_preset=&#8221;default&#8221; global_colors_info=&#8221;{}&#8221;][et_pb_image src=&#8221;https:\/\/wolkenrot.at\/wp-content\/uploads\/2023\/01\/Happy-Hour-Bild.png&#8221; title_text=&#8221;Happy Hour Bild&#8221; _builder_version=&#8221;4.16&#8243; _module_preset=&#8221;default&#8221; width=&#8221;34%&#8221; module_alignment=&#8221;left&#8221; custom_margin=&#8221;-84px||||false|false&#8221; custom_margin_tablet=&#8221;-84px||||false|false&#8221; custom_margin_phone=&#8221;-84px||||false|false&#8221; custom_margin_last_edited=&#8221;on|phone&#8221; global_colors_info=&#8221;{}&#8221;][\/et_pb_image][\/et_pb_column][\/et_pb_row][et_pb_row _builder_version=&#8221;4.20.0&#8243; _module_preset=&#8221;default&#8221; custom_padding=&#8221;|||0px||&#8221; global_colors_info=&#8221;{}&#8221;][et_pb_column type=&#8221;4_4&#8243; _builder_version=&#8221;4.16&#8243; _module_preset=&#8221;default&#8221; global_colors_info=&#8221;{}&#8221;][et_pb_text _builder_version=&#8221;4.16&#8243; _module_preset=&#8221;default&#8221; global_colors_info=&#8221;{}&#8221;]<\/p>\n<h3><span style=\"color: #737373\">02.02.2023 um <span style=\"text-decoration: underline\">17:00!<\/span> Uhr via Zoom<\/span><\/h3>\n<h3><span style=\"color: #737373\">Happy Hour &#8211; Recruiting<\/span><\/h3>\n<h3><span style=\"color: #737373\">F\u00fchrungskr\u00e4fte, die nicht rekrutieren, geh\u00f6ren in die Steinzeit!\u00a0<\/span><\/h3>\n<p><span style=\"color: #737373\">Du kennst die Problematik:\u00a0Es sind Kandidat:innen da, trotzdem kannst du nicht besetzen. Du stellst dir die Fragen:\u00a0<\/span><\/p>\n<ul>\n<li><span style=\"color: #737373\"><strong>Sind F\u00fchrungskr\u00e4fte aktiv ins Recruiting eingebunden?<\/strong><\/span><\/li>\n<li><span style=\"color: #737373\">Wie engagieren sich die Teamleiter:innen im Recruiting Prozess?<\/span><\/li>\n<li><span style=\"color: #737373\">Werden die Bewerber:innen auf Augenh\u00f6he angesprochen?<\/span><\/li>\n<li><span style=\"color: #737373\"><strong>Welche Rolle spielen die sozialen Medien?<\/strong><\/span><\/li>\n<\/ul>\n<p><span><span style=\"color: #737373\">Dazu diskutieren wir in unserer n\u00e4chsten Happy Hour, zu der wir dich \u00fcber Zoom einladen.<\/span>\u00a0<\/span><\/p>\n<p>[\/et_pb_text][\/et_pb_column][\/et_pb_row][et_pb_row column_structure=&#8221;1_2,1_2&#8243; _builder_version=&#8221;4.16&#8243; _module_preset=&#8221;default&#8221; global_colors_info=&#8221;{}&#8221;][et_pb_column type=&#8221;1_2&#8243; _builder_version=&#8221;4.16&#8243; _module_preset=&#8221;default&#8221; global_colors_info=&#8221;{}&#8221;][et_pb_team_member name=&#8221;Sarah Weber&#8221; image_url=&#8221;https:\/\/wolkenrot.at\/wp-content\/uploads\/2022\/09\/sarah-weber-1.jpg&#8221; _builder_version=&#8221;4.16&#8243; _module_preset=&#8221;default&#8221; locked=&#8221;off&#8221; global_colors_info=&#8221;{}&#8221;]<\/p>\n<p style=\"text-align: center\"><strong>HR Interim Recruiterin<br \/><span style=\"color: #f63500\">Wolkenrot<\/span><\/strong><\/p>\n<p style=\"text-align: center\"><span>Expertin f\u00fcr Recruiting und Employer Branding<\/span><\/p>\n<p>[\/et_pb_team_member][\/et_pb_column][et_pb_column type=&#8221;1_2&#8243; _builder_version=&#8221;4.16&#8243; _module_preset=&#8221;default&#8221; global_colors_info=&#8221;{}&#8221;][et_pb_team_member name=&#8221;Michael Egger&#8221; image_url=&#8221;https:\/\/wolkenrot.at\/wp-content\/uploads\/2023\/01\/Michael-Egger-grauer-Hintergrund.jpg&#8221; _builder_version=&#8221;4.16&#8243; _module_preset=&#8221;default&#8221; custom_padding=&#8221;||1px||false|false&#8221; locked=&#8221;off&#8221; global_colors_info=&#8221;{}&#8221;]<\/p>\n<p><span style=\"color: #333333\"><strong>Leiter Recruiting &amp; Employer Branding<br \/><span style=\"color: #f63500\">Kastner &amp; \u00d6hler<\/span><\/strong><\/span><\/p>\n<p><span>Experte f\u00fcr Strategieentwicklung und Kommunikation<\/span><\/p>\n<p>[\/et_pb_team_member][\/et_pb_column][\/et_pb_row][et_pb_row _builder_version=&#8221;4.16&#8243; _module_preset=&#8221;default&#8221; border_radii=&#8221;on|7px|7px|7px|7px&#8221; border_width_all=&#8221;3px&#8221; border_color_all=&#8221;#F63500&#8243; global_colors_info=&#8221;{}&#8221;][et_pb_column type=&#8221;4_4&#8243; _builder_version=&#8221;4.16&#8243; _module_preset=&#8221;default&#8221; global_colors_info=&#8221;{}&#8221;][et_pb_text _builder_version=&#8221;4.16&#8243; _module_preset=&#8221;default&#8221; header_4_font_size=&#8221;33px&#8221; global_colors_info=&#8221;{}&#8221;]<\/p>\n<h4 style=\"text-align: center\">Happy Hour am 02.02.2023 um 17:00 Uhr<\/h4>\n<p>[\/et_pb_text][et_pb_button button_url=&#8221;mailto:info@wolkenrot.at?subject=Anmeldung%20Happy%20Hour%202.%20Februar%202023%2C%2017%20Uhr&#038;body=Hallo!%0D%0AIch%20melde%20mich%20zur%20Happy%20Hour%20am%202.%20Februar%20um%2017%20Uhr%20an%20zum%20Thema%20%E2%80%9ERecruiting%E2%80%9C%20an.&#8221; button_text=&#8221;Anmelden&#8221; button_alignment=&#8221;center&#8221; _builder_version=&#8221;4.16&#8243; background_layout=&#8221;dark&#8221; button_letter_spacing_hover=&#8221;2px&#8221; button_bg_color_hover=&#8221;#e0c588&#8243; global_colors_info=&#8221;{}&#8221; button_one_text_size__hover_enabled=&#8221;off&#8221; button_two_text_size__hover_enabled=&#8221;off&#8221; button_one_text_color__hover_enabled=&#8221;off&#8221; button_two_text_color__hover_enabled=&#8221;off&#8221; button_one_border_width__hover_enabled=&#8221;off&#8221; button_two_border_width__hover_enabled=&#8221;off&#8221; button_one_border_color__hover_enabled=&#8221;off&#8221; button_two_border_color__hover_enabled=&#8221;off&#8221; button_one_border_radius__hover_enabled=&#8221;off&#8221; button_two_border_radius__hover_enabled=&#8221;off&#8221; button_one_letter_spacing__hover_enabled=&#8221;off&#8221; button_two_letter_spacing__hover_enabled=&#8221;off&#8221; button_one_bg_color__hover_enabled=&#8221;off&#8221; button_two_bg_color__hover_enabled=&#8221;off&#8221;][\/et_pb_button][\/et_pb_column][\/et_pb_row][et_pb_row _builder_version=&#8221;4.16&#8243; _module_preset=&#8221;default&#8221; global_colors_info=&#8221;{}&#8221;][et_pb_column type=&#8221;4_4&#8243; _builder_version=&#8221;4.16&#8243; _module_preset=&#8221;default&#8221; global_colors_info=&#8221;{}&#8221;][et_pb_divider _builder_version=&#8221;4.16&#8243; _module_preset=&#8221;default&#8221; global_colors_info=&#8221;{}&#8221;][\/et_pb_divider][\/et_pb_column][\/et_pb_row][et_pb_row _builder_version=&#8221;4.16&#8243; _module_preset=&#8221;default&#8221; global_colors_info=&#8221;{}&#8221;][et_pb_column type=&#8221;4_4&#8243; _builder_version=&#8221;4.16&#8243; _module_preset=&#8221;default&#8221; global_colors_info=&#8221;{}&#8221;][et_pb_text _builder_version=&#8221;4.16&#8243; _module_preset=&#8221;default&#8221; custom_margin=&#8221;||-64px|||&#8221; global_colors_info=&#8221;{}&#8221;]<\/p>\n<h4><span style=\"color: #737373\">In entspannter Atmosph\u00e4re von zu Hause oder dem B\u00fcro aus mit Wolkenrot Spezialist*innen und anderen Teilnehmer*innen via Zoom zu brandaktuellen Themen austauschen und gemeinsam L\u00f6sungen finden.<\/span><\/h4>\n<p><span style=\"color: #737373\">Selbstverst\u00e4ndlich wird HR-Management in jedem Unternehmen anders gelebt. Umso interessanter ist es, sich von der jeweils anderen Herangehensweise und Probleml\u00f6sung inspirieren zu lassen und von den vielf\u00e4ltigen Erfahrungen zu lernen.<\/span><\/p>\n<h4><span style=\"color: #737373\">Let&#8217;s come together!<\/span><\/h4>\n<p>&nbsp;<\/p>\n<p>[\/et_pb_text][\/et_pb_column][\/et_pb_row][et_pb_row _builder_version=&#8221;4.16&#8243; _module_preset=&#8221;default&#8221; custom_margin=&#8221;41px|auto||auto||&#8221; global_colors_info=&#8221;{}&#8221;][et_pb_column type=&#8221;4_4&#8243; _builder_version=&#8221;4.16&#8243; _module_preset=&#8221;default&#8221; global_colors_info=&#8221;{}&#8221;][et_pb_divider _builder_version=&#8221;4.16&#8243; _module_preset=&#8221;default&#8221; global_colors_info=&#8221;{}&#8221;][\/et_pb_divider][\/et_pb_column][\/et_pb_row][et_pb_row _builder_version=&#8221;4.16&#8243; _module_preset=&#8221;default&#8221; custom_padding=&#8221;|||0px||&#8221; global_colors_info=&#8221;{}&#8221;][et_pb_column type=&#8221;4_4&#8243; _builder_version=&#8221;4.16&#8243; _module_preset=&#8221;default&#8221; global_colors_info=&#8221;{}&#8221;][et_pb_text _builder_version=&#8221;4.20.0&#8243; _module_preset=&#8221;default&#8221; global_colors_info=&#8221;{}&#8221;]<\/p>\n<h3><span style=\"color: #737373\">02.12.2021 um 17:00 Uhr via Zoom<\/span><\/h3>\n<h3><span style=\"color: #737373\">HR Checkup &#8211; riskante Challenge oder willkommene Hilfestellung f\u00fcr Ihre Personalabteilung?<\/span><\/h3>\n<p><span style=\"color: #737373\">\u00a0<\/span><\/p>\n<ul>\n<li><span style=\"color: #737373\">Wissen Sie, ob Ihre HR Services am Puls der Zeit sind und k\u00f6nnen Sie dies argumentieren?\u00a0<\/span><\/li>\n<li><span style=\"color: #737373\">Wie sehr ist die Personalarbeit integriert in die Unternehmensstrategie?<\/span><\/li>\n<li><span style=\"color: #737373\">Brauchen Sie Argumente f\u00fcr Investitionen in die Digitalisierung Ihrer HR Tools?<\/span><\/li>\n<li><span style=\"color: #737373\">In Ihrem Unternehmen wird zunehmend mit agilen Methoden gearbeitet, wie effektiv passt sich Ihre HR Abteilung an diese neue Umgebung an?<\/span><\/li>\n<\/ul>\n<p><span style=\"color: #737373\">Dies sind nur einige Fragen, die Sie mit einer extern durchgef\u00fchrten Bestandsaufnahme Ihrer HR Arbeit beantworten k\u00f6nnen.<\/span><br \/><span style=\"color: #737373\">Warten Sie nicht, bis Sie dazu aufgefordert werden, sondern n\u00fctzen Sie den R\u00fcckenwind von \u201eNew Work\u201c und \u201epost-Corona\u201c, um Ihre HR Leistungen auf den neuesten Stand zu bringen!<\/span><\/p>\n<p><span style=\"color: #737373\">Wir challengen Sie in unserer <a data-cke-saved-href=\"mailto:info@wolkenrot.at?subject=Anmeldung%20Happy%20Hour%20-%20HR%20Check%20up&amp;body=Hiermit%20m%C3%B6chte%20ich%20mich%20gerne%20zur%20n%C3%A4chsten%20Wolkenrot%20Happy%20Hour%20anmelden!\" href=\"mailto:info@wolkenrot.at?subject=Anmeldung%20Happy%20Hour%20-%20HR%20Check%20up&amp;body=Hiermit%20m%C3%B6chte%20ich%20mich%20gerne%20zur%20n%C3%A4chsten%20Wolkenrot%20Happy%20Hour%20anmelden!\" target=\"_blank\" rel=\"noopener\" style=\"color: #737373\">Happy Hour am Donnerstag, 02.12.2021 von 17:00 \u2013 18:00 Uhr!<\/a><\/span><\/p>\n<p>[\/et_pb_text][\/et_pb_column][\/et_pb_row][et_pb_row column_structure=&#8221;1_3,1_3,1_3&#8243; _builder_version=&#8221;4.16&#8243; _module_preset=&#8221;default&#8221; global_colors_info=&#8221;{}&#8221;][et_pb_column type=&#8221;1_3&#8243; _builder_version=&#8221;4.16&#8243; _module_preset=&#8221;default&#8221; global_colors_info=&#8221;{}&#8221;][et_pb_team_member name=&#8221;Susanna Hofer&#8221; image_url=&#8221;https:\/\/wolkenrot.at\/wp-content\/uploads\/2021\/03\/Susanna-Hofer.jpg&#8221; _builder_version=&#8221;4.16&#8243; _module_preset=&#8221;default&#8221; locked=&#8221;off&#8221; global_colors_info=&#8221;{}&#8221;]<\/p>\n<p style=\"text-align: center\"><span>E:\u00a0<\/span><a href=\"mailto:doris.schaefer@wolkenrot.at\">susanna.hofer@wolkenrot.at<br \/><\/a><a href=\"https:\/\/wolkenrot.at\/wp-content\/uploads\/2021\/03\/Susanna-Hofer-Sedcard.pdf\"><u>Download Profil<\/u><\/a><\/p>\n<p>[\/et_pb_team_member][\/et_pb_column][et_pb_column type=&#8221;1_3&#8243; _builder_version=&#8221;4.16&#8243; _module_preset=&#8221;default&#8221; global_colors_info=&#8221;{}&#8221;][et_pb_team_member name=&#8221;Hanspeter Hollender&#8221; image_url=&#8221;https:\/\/wolkenrot.at\/wp-content\/uploads\/2021\/01\/Hanspeter-Hollender.jpg&#8221; _builder_version=&#8221;4.16&#8243; _module_preset=&#8221;default&#8221; locked=&#8221;off&#8221; global_colors_info=&#8221;{}&#8221;]<\/p>\n<p style=\"text-align: center\"><span>E:\u00a0<\/span><a href=\"mailto:doris.schaefer@wolkenrot.at\">hanspeter.hollender@wolkenrot.at<br \/><\/a><a href=\"https:\/\/wolkenrot.at\/wp-content\/uploads\/2021\/01\/Hanspeter-Hollender-Sedcard.pdf\"><u>Download Profil<\/u><\/a><\/p>\n<p>[\/et_pb_team_member][\/et_pb_column][et_pb_column type=&#8221;1_3&#8243; _builder_version=&#8221;4.16&#8243; _module_preset=&#8221;default&#8221; global_colors_info=&#8221;{}&#8221;][\/et_pb_column][\/et_pb_row][et_pb_row _builder_version=&#8221;4.16&#8243; _module_preset=&#8221;default&#8221; border_radii=&#8221;on|7px|7px|7px|7px&#8221; border_width_all=&#8221;3px&#8221; border_color_all=&#8221;#C31923&#8243; global_colors_info=&#8221;{}&#8221;][et_pb_column type=&#8221;4_4&#8243; _builder_version=&#8221;4.16&#8243; _module_preset=&#8221;default&#8221; global_colors_info=&#8221;{}&#8221;][et_pb_text _builder_version=&#8221;4.16&#8243; _module_preset=&#8221;default&#8221; header_4_font_size=&#8221;33px&#8221; global_colors_info=&#8221;{}&#8221;]<\/p>\n<h4 style=\"text-align: center\">Anmeldung zur Happy Hour mit Susanna und Hanspeter<\/h4>\n<p>[\/et_pb_text][et_pb_button button_url=&#8221;mailto:info@wolkenrot.at?subject=Anmeldung%20Happy%20Hour%20-%20HR%20Checkup&#038;body=Hiermit%20melde%20ich%20mich%20f%C3%BCr%20die%20n%C3%A4chste%20Wolkenrot%20Happy%20Hour%20am%2002.12.2021%20um%2017%3A00%20Uhr%20an.%0D%0A&#8221; button_text=&#8221;Anmelden&#8221; button_alignment=&#8221;center&#8221; _builder_version=&#8221;4.16&#8243; background_layout=&#8221;dark&#8221; button_letter_spacing_hover=&#8221;2px&#8221; button_bg_color_hover=&#8221;#e0c588&#8243; global_colors_info=&#8221;{}&#8221; button_one_text_size__hover_enabled=&#8221;off&#8221; button_two_text_size__hover_enabled=&#8221;off&#8221; button_one_text_color__hover_enabled=&#8221;off&#8221; button_two_text_color__hover_enabled=&#8221;off&#8221; button_one_border_width__hover_enabled=&#8221;off&#8221; button_two_border_width__hover_enabled=&#8221;off&#8221; button_one_border_color__hover_enabled=&#8221;off&#8221; button_two_border_color__hover_enabled=&#8221;off&#8221; button_one_border_radius__hover_enabled=&#8221;off&#8221; button_two_border_radius__hover_enabled=&#8221;off&#8221; button_one_letter_spacing__hover_enabled=&#8221;off&#8221; button_two_letter_spacing__hover_enabled=&#8221;off&#8221; button_one_bg_color__hover_enabled=&#8221;off&#8221; button_two_bg_color__hover_enabled=&#8221;off&#8221;][\/et_pb_button][\/et_pb_column][\/et_pb_row][et_pb_row _builder_version=&#8221;4.16&#8243; _module_preset=&#8221;default&#8221; global_colors_info=&#8221;{}&#8221;][et_pb_column type=&#8221;4_4&#8243; _builder_version=&#8221;4.16&#8243; _module_preset=&#8221;default&#8221; global_colors_info=&#8221;{}&#8221;][et_pb_divider _builder_version=&#8221;4.16&#8243; _module_preset=&#8221;default&#8221; global_colors_info=&#8221;{}&#8221;][\/et_pb_divider][\/et_pb_column][\/et_pb_row][et_pb_row _builder_version=&#8221;4.16&#8243; _module_preset=&#8221;default&#8221; custom_margin=&#8221;41px|auto||auto||&#8221; global_colors_info=&#8221;{}&#8221;][et_pb_column type=&#8221;4_4&#8243; _builder_version=&#8221;4.16&#8243; _module_preset=&#8221;default&#8221; global_colors_info=&#8221;{}&#8221;][et_pb_divider _builder_version=&#8221;4.16&#8243; _module_preset=&#8221;default&#8221; global_colors_info=&#8221;{}&#8221;][\/et_pb_divider][\/et_pb_column][\/et_pb_row][\/et_pb_section][et_pb_section fb_built=&#8221;1&#8243; _builder_version=&#8221;4.16&#8243; _module_preset=&#8221;default&#8221; custom_padding=&#8221;0px|||||&#8221; global_colors_info=&#8221;{}&#8221;][\/et_pb_section][et_pb_section fb_built=&#8221;1&#8243; module_id=&#8221;handelskv&#8221; _builder_version=&#8221;4.16&#8243; _module_preset=&#8221;6717211b-2fb3-4e8d-be0a-6d6718f90c22&#8243; custom_padding=&#8221;0px|||||&#8221; global_colors_info=&#8221;{}&#8221;][et_pb_row _builder_version=&#8221;4.16&#8243; _module_preset=&#8221;default&#8221; global_colors_info=&#8221;{}&#8221;][et_pb_column type=&#8221;4_4&#8243; _builder_version=&#8221;4.16&#8243; _module_preset=&#8221;default&#8221; global_colors_info=&#8221;{}&#8221;][et_pb_text _builder_version=&#8221;4.16&#8243; _module_preset=&#8221;default&#8221; global_colors_info=&#8221;{}&#8221;]<\/p>\n<h3><span style=\"color: #808080\">23.09.2021 um 17:00 Uhr via Zoom<\/span><\/h3>\n<h3><span style=\"color: #808080\">Weniger schlecht entscheiden<\/span><\/h3>\n<h4><span style=\"color: #808080\">Praktische Entscheidungstools f\u00fcr agile Zeiten im HR Management<\/span><\/h4>\n<p><span style=\"color: #808080\">Weniger schlechte Entscheidungen im beruflichen und privaten Umfeld f\u00e4llen, allein und im Team, spontan und durchdacht, intuitiv und analytisch. Geht das \u00fcberhaupt? Entscheidungen treffen kann tats\u00e4chlich Spa\u00df machen. Es erleichtert viele Situationen, kann gl\u00fccklich machen und nat\u00fcrlich bleibt man handlungsf\u00e4hig.<\/span><\/p>\n<p><span style=\"color: #808080\">Wir brauchen Tools und Werkzeuge, um h\u00e4ufiger, proaktiver und bewusster zu entscheiden. Einige dieser Entscheidungshilfen stellen wir Ihnen in unserer Happy Hour vor und\u00a0 Sie k\u00f6nnen sie in Ihrer Arbeit als HR-Manager sofort umsetzen. Egal ob innerhalb von HR, in Teams oder als F\u00fchrungskraft &#8211; weniger schlecht entscheiden bringt&#8217;s!<\/span><\/p>\n<p><span style=\"color: #808080\">Aufschlauen in unserer Happy Hour am Donnerstag, 23.09.2021 von 17:00 \u2013 18:00 Uhr!<\/span><\/p>\n<p>[\/et_pb_text][\/et_pb_column][\/et_pb_row][et_pb_row column_structure=&#8221;1_3,1_3,1_3&#8243; _builder_version=&#8221;4.16&#8243; _module_preset=&#8221;default&#8221; global_colors_info=&#8221;{}&#8221;][et_pb_column type=&#8221;1_3&#8243; _builder_version=&#8221;4.16&#8243; _module_preset=&#8221;default&#8221; global_colors_info=&#8221;{}&#8221;][et_pb_team_member name=&#8221;Doris Sch\u00e4fer&#8221; image_url=&#8221;https:\/\/wolkenrot.at\/wp-content\/uploads\/2020\/09\/Doris-Schafer.jpg&#8221; _builder_version=&#8221;4.16&#8243; _module_preset=&#8221;default&#8221; locked=&#8221;off&#8221; global_colors_info=&#8221;{}&#8221;]<\/p>\n<p style=\"text-align: center\"><span>E:\u00a0<\/span><a href=\"mailto:doris.schaefer@wolkenrot.at\">doris.schaefer@wolkenrot.at<br \/><\/a><a href=\"https:\/\/wolkenrot.at\/wp-content\/uploads\/2020\/06\/Doris-Sch%C3%A4fer.pdf\"><u>Download Profil<\/u><\/a><\/p>\n<p>[\/et_pb_team_member][\/et_pb_column][et_pb_column type=&#8221;1_3&#8243; _builder_version=&#8221;4.16&#8243; _module_preset=&#8221;default&#8221; global_colors_info=&#8221;{}&#8221;][et_pb_team_member name=&#8221;Annika Serfass&#8221; image_url=&#8221;https:\/\/wolkenrot.at\/wp-content\/uploads\/2020\/11\/Annika-Serfass_Agilitaet_Happy_Hour.jpg&#8221; _builder_version=&#8221;4.16&#8243; _module_preset=&#8221;default&#8221; locked=&#8221;off&#8221; global_colors_info=&#8221;{}&#8221;]<\/p>\n<p style=\"text-align: center\"><span>E:\u00a0<a href=\"mailto:annika@annikaserfass.de\">annika@annikaserfass.de<\/a><\/span><\/p>\n<p>[\/et_pb_team_member][\/et_pb_column][et_pb_column type=&#8221;1_3&#8243; _builder_version=&#8221;4.16&#8243; _module_preset=&#8221;default&#8221; global_colors_info=&#8221;{}&#8221;][\/et_pb_column][\/et_pb_row][et_pb_row _builder_version=&#8221;4.16&#8243; _module_preset=&#8221;default&#8221; global_colors_info=&#8221;{}&#8221;][et_pb_column type=&#8221;4_4&#8243; _builder_version=&#8221;4.16&#8243; _module_preset=&#8221;default&#8221; global_colors_info=&#8221;{}&#8221;][et_pb_button button_url=&#8221;https:\/\/wolkenrot.at\/weniger-schlecht-entscheiden\/&#8221; button_text=&#8221;Ich m\u00f6chte lernen besser zu entscheiden&#8221; button_alignment=&#8221;center&#8221; _builder_version=&#8221;4.16&#8243; background_layout=&#8221;dark&#8221; button_letter_spacing_hover=&#8221;2px&#8221; button_bg_color_hover=&#8221;#e0c588&#8243; global_colors_info=&#8221;{}&#8221; button_one_text_size__hover_enabled=&#8221;off&#8221; button_two_text_size__hover_enabled=&#8221;off&#8221; button_one_text_color__hover_enabled=&#8221;off&#8221; button_two_text_color__hover_enabled=&#8221;off&#8221; button_one_border_width__hover_enabled=&#8221;off&#8221; button_two_border_width__hover_enabled=&#8221;off&#8221; button_one_border_color__hover_enabled=&#8221;off&#8221; button_two_border_color__hover_enabled=&#8221;off&#8221; button_one_border_radius__hover_enabled=&#8221;off&#8221; button_two_border_radius__hover_enabled=&#8221;off&#8221; button_one_letter_spacing__hover_enabled=&#8221;off&#8221; button_two_letter_spacing__hover_enabled=&#8221;off&#8221; button_one_bg_color__hover_enabled=&#8221;off&#8221; button_two_bg_color__hover_enabled=&#8221;off&#8221;][\/et_pb_button][\/et_pb_column][\/et_pb_row][et_pb_row _builder_version=&#8221;4.16&#8243; _module_preset=&#8221;default&#8221; global_colors_info=&#8221;{}&#8221;][et_pb_column type=&#8221;4_4&#8243; _builder_version=&#8221;4.16&#8243; _module_preset=&#8221;default&#8221; global_colors_info=&#8221;{}&#8221;][et_pb_divider _builder_version=&#8221;4.16&#8243; _module_preset=&#8221;default&#8221; global_colors_info=&#8221;{}&#8221;][\/et_pb_divider][\/et_pb_column][\/et_pb_row][\/et_pb_section][et_pb_section fb_built=&#8221;1&#8243; module_id=&#8221;handelskv&#8221; _builder_version=&#8221;4.16&#8243; _module_preset=&#8221;default&#8221; custom_padding=&#8221;0px|||||&#8221; global_colors_info=&#8221;{}&#8221;][et_pb_row _builder_version=&#8221;4.16&#8243; _module_preset=&#8221;default&#8221; global_colors_info=&#8221;{}&#8221;][et_pb_column type=&#8221;4_4&#8243; _builder_version=&#8221;4.16&#8243; _module_preset=&#8221;default&#8221; global_colors_info=&#8221;{}&#8221;][et_pb_text _builder_version=&#8221;4.16&#8243; _module_preset=&#8221;default&#8221; global_colors_info=&#8221;{}&#8221;]<\/p>\n<h3><span style=\"color: #808080\">17.06.2021 um 17:00 Uhr via Zoom<\/span><\/h3>\n<h3><span style=\"color: #808080\">Und jetzt mal Klartext!<\/span><\/h3>\n<h4><span style=\"color: #808080\">Wie Sie im HR Management erfolgreich kommunizieren.<\/span><\/h4>\n<p><span style=\"color: #808080\">Sparen Sie sich m\u00fchsame R\u00fcckfragen Ihrer KollegInnen und wortreiche Erkl\u00e4rungen, um zu einer Entscheidung zu kommen. Qu\u00e4len Sie sich nicht mit langwierigen, vermeintlich wohlklingenden Formulierungen.<\/span><\/p>\n<p><span style=\"color: #808080\">Das Leben eines HR-Managers ist kompliziert genug, da darf manches auch einfach sein. Bringen Sie Ihr Thema auf den Punkt. Glasklar und Treffsicher.<\/span><\/p>\n<p><span style=\"color: #808080\">Wie Ihnen das gelingt, erfahren Sie in unserer n\u00e4chsten\u00a0<strong>Happy Hour am Donnerstag, 17.06.2021 von 17:00 \u2013 18:00 Uhr!<\/strong><\/span><\/p>\n<p>[\/et_pb_text][\/et_pb_column][\/et_pb_row][et_pb_row column_structure=&#8221;1_3,1_3,1_3&#8243; _builder_version=&#8221;4.16&#8243; _module_preset=&#8221;default&#8221; global_colors_info=&#8221;{}&#8221;][et_pb_column type=&#8221;1_3&#8243; _builder_version=&#8221;4.16&#8243; _module_preset=&#8221;default&#8221; global_colors_info=&#8221;{}&#8221;][et_pb_team_member name=&#8221;Susanne Buchberger&#8221; image_url=&#8221;https:\/\/wolkenrot.at\/wp-content\/uploads\/2020\/09\/Susanne_Buchberger.jpg&#8221; _builder_version=&#8221;4.21.0&#8243; _module_preset=&#8221;default&#8221; width=&#8221;100%&#8221; custom_margin=&#8221;|-34px|||false|false&#8221; global_colors_info=&#8221;{}&#8221;]<\/p>\n<p style=\"text-align: center;\"><a href=\"mailto:susanne.buchberger@wolkenrot.at\">susanne.buchberger@wolkenrot.at<\/a><br \/><a href=\"https:\/\/wolkenrot.at\/wp-content\/uploads\/2023\/01\/Susanne-Buchberger-1.pdf\" target=\"_blank\" rel=\"noopener noreferrer\"><u>Download Profil<\/u><\/a><\/p>\n<p><u><a href=\"https:\/\/youtu.be\/d7cxFKDUOpA\" target=\"_blank\" rel=\"noopener noreferrer\">Wolkenrot proudly presents: Susanne Buchberger (Video)<\/a><\/u><\/p>\n<p>[\/et_pb_team_member][\/et_pb_column][et_pb_column type=&#8221;1_3&#8243; _builder_version=&#8221;4.16&#8243; _module_preset=&#8221;default&#8221; global_colors_info=&#8221;{}&#8221;][et_pb_team_member name=&#8221;Susanne Reinelt&#8221; image_url=&#8221;https:\/\/wolkenrot.at\/wp-content\/uploads\/2020\/09\/Susanne-Reinelt.jpg&#8221; _builder_version=&#8221;4.21.0&#8243; _module_preset=&#8221;default&#8221; global_colors_info=&#8221;{}&#8221;]<\/p>\n<p style=\"text-align: center;\"><a href=\"mailto:reinelt@danubia-trade.com\">reinelt@danubia-trade.com<\/a><br \/><a href=\"tel:+436642416321\"><\/a><a href=\"https:\/\/wolkenrot.at\/wp-content\/uploads\/2023\/01\/Susanne-Reinelt.pdf\" target=\"_blank\" rel=\"noopener noreferrer\">Download Profil<\/a><\/p>\n<p><u><a href=\"https:\/\/youtu.be\/pIINyA7ZzYc\" target=\"_blank\" rel=\"noopener noreferrer\">Wolkenrot proudly presents: Susanne Reinelt (Video)<\/a><\/u><\/p>\n<p>[\/et_pb_team_member][\/et_pb_column][et_pb_column type=&#8221;1_3&#8243; _builder_version=&#8221;4.16&#8243; _module_preset=&#8221;default&#8221; global_colors_info=&#8221;{}&#8221;][\/et_pb_column][\/et_pb_row][et_pb_row _builder_version=&#8221;4.16&#8243; _module_preset=&#8221;default&#8221; global_colors_info=&#8221;{}&#8221;][et_pb_column type=&#8221;4_4&#8243; _builder_version=&#8221;4.16&#8243; _module_preset=&#8221;default&#8221; global_colors_info=&#8221;{}&#8221;][et_pb_button button_url=&#8221;https:\/\/wolkenrot.at\/erfolgreicher-schreiben\/&#8221; button_text=&#8221;Ich m\u00f6chte lernen besser zu schreiben&#8221; button_alignment=&#8221;center&#8221; _builder_version=&#8221;4.16&#8243; background_layout=&#8221;dark&#8221; button_letter_spacing_hover=&#8221;2px&#8221; button_bg_color_hover=&#8221;#e0c588&#8243; global_colors_info=&#8221;{}&#8221; button_one_text_size__hover_enabled=&#8221;off&#8221; button_two_text_size__hover_enabled=&#8221;off&#8221; button_one_text_color__hover_enabled=&#8221;off&#8221; button_two_text_color__hover_enabled=&#8221;off&#8221; button_one_border_width__hover_enabled=&#8221;off&#8221; button_two_border_width__hover_enabled=&#8221;off&#8221; button_one_border_color__hover_enabled=&#8221;off&#8221; button_two_border_color__hover_enabled=&#8221;off&#8221; button_one_border_radius__hover_enabled=&#8221;off&#8221; button_two_border_radius__hover_enabled=&#8221;off&#8221; button_one_letter_spacing__hover_enabled=&#8221;off&#8221; button_two_letter_spacing__hover_enabled=&#8221;off&#8221; button_one_bg_color__hover_enabled=&#8221;off&#8221; button_two_bg_color__hover_enabled=&#8221;off&#8221;][\/et_pb_button][\/et_pb_column][\/et_pb_row][et_pb_row _builder_version=&#8221;4.16&#8243; _module_preset=&#8221;default&#8221; global_colors_info=&#8221;{}&#8221;][et_pb_column type=&#8221;4_4&#8243; _builder_version=&#8221;4.16&#8243; _module_preset=&#8221;default&#8221; global_colors_info=&#8221;{}&#8221;][et_pb_divider _builder_version=&#8221;4.16&#8243; _module_preset=&#8221;default&#8221; global_colors_info=&#8221;{}&#8221;][\/et_pb_divider][\/et_pb_column][\/et_pb_row][\/et_pb_section][et_pb_section fb_built=&#8221;1&#8243; module_id=&#8221;handelskv&#8221; _builder_version=&#8221;4.16&#8243; _module_preset=&#8221;default&#8221; custom_padding=&#8221;0px|||||&#8221; global_colors_info=&#8221;{}&#8221;][et_pb_row _builder_version=&#8221;4.16&#8243; _module_preset=&#8221;default&#8221; global_colors_info=&#8221;{}&#8221;][et_pb_column type=&#8221;4_4&#8243; _builder_version=&#8221;4.16&#8243; _module_preset=&#8221;default&#8221; global_colors_info=&#8221;{}&#8221;][et_pb_text _builder_version=&#8221;4.16&#8243; _module_preset=&#8221;default&#8221; global_colors_info=&#8221;{}&#8221;]<\/p>\n<h3><span style=\"color: #808080\">20.05.2021 um 17:00 Uhr via Zoom<\/span><\/h3>\n<h3><span style=\"color: #808080\">HR\u00a0Controlling<\/span><\/h3>\n<h4><span style=\"color: #808080\">Integrierter Bestandteil Ihres HR-Spektrums oder ungeliebtes Stiefkind?<\/span><\/h4>\n<ul>\n<li><span style=\"color: #808080\">Wissen Sie, welchen Beitrag der \u201eHuman Factor\u201c, sprich Ihre MitarbeiterInnen, zum Unternehmensergebnis leisten?<\/span><\/li>\n<li><span style=\"color: #808080\">Wie stellen Sie in Ihrem Unternehmen den Beitrag der Human-Resources-Abteilung dar, sodass sie nicht nur als Kostenfaktor gesehen wird?<\/span><\/li>\n<\/ul>\n<p><span style=\"color: #808080\">Diese und viele andere Fragen, die im Zusammenhang mit Ihrer HR-Arbeit und Ihren MitarbeiterInnen stehen, k\u00f6nnen durch ein System von gut durchdachten Personalkennzahlen einfach beantwortet werden.<\/span><\/p>\n<p><span style=\"color: #808080\">Wir entf\u00fchren Sie in unserer n\u00e4chsten\u00a0<strong>Happy Hour am Donnerstag, 20.05.2021<\/strong> von 17:00 \u2013 18:00 Uhr\u00a0in die spannende Welt der Zahlen!<\/span><\/p>\n<p>[\/et_pb_text][\/et_pb_column][\/et_pb_row][et_pb_row column_structure=&#8221;1_3,1_3,1_3&#8243; _builder_version=&#8221;4.16&#8243; _module_preset=&#8221;default&#8221; global_colors_info=&#8221;{}&#8221;][et_pb_column type=&#8221;1_3&#8243; _builder_version=&#8221;4.16&#8243; _module_preset=&#8221;default&#8221; global_colors_info=&#8221;{}&#8221;][et_pb_team_member name=&#8221;Susanna Hofer&#8221; image_url=&#8221;https:\/\/wolkenrot.at\/wp-content\/uploads\/2021\/03\/Susanna-Hofer.jpg&#8221; _builder_version=&#8221;4.16&#8243; _module_preset=&#8221;default&#8221; global_colors_info=&#8221;{}&#8221;]<\/p>\n<p style=\"text-align: center\">E: <a href=\"mailto:susanna.hofer@wolkenrot.at\">susanna.hofer@wolkenrot.at<\/a><u><br \/> <a href=\"https:\/\/wolkenrot.at\/wp-content\/uploads\/2021\/03\/Susanna-Hofer-Sedcard.pdf\" target=\"_blank\" rel=\"noopener noreferrer\">Download Profil<br \/><\/a><a href=\"https:\/\/www.youtube.com\/watch?v=JUPxdQWv9yI\">Wolkenrot proudly presents: Susanna Hofer(Video)<\/a><\/u><\/p>\n<p>[\/et_pb_team_member][\/et_pb_column][et_pb_column type=&#8221;1_3&#8243; _builder_version=&#8221;4.16&#8243; _module_preset=&#8221;default&#8221; global_colors_info=&#8221;{}&#8221;][et_pb_team_member name=&#8221;Martina Krottmayer&#8221; image_url=&#8221;https:\/\/wolkenrot.at\/wp-content\/uploads\/2020\/09\/Martina-Krottmayer.jpg&#8221; _builder_version=&#8221;4.16&#8243; _module_preset=&#8221;default&#8221; global_colors_info=&#8221;{}&#8221;]<\/p>\n<p style=\"text-align: center\">M:<span>\u00a0<\/span><a href=\"mailto:martina.krottmayer@wolkenrot.at\">martina.krottmayer@wolkenrot.at<\/a><br \/> <a href=\"https:\/\/wolkenrot.at\/wp-content\/uploads\/2020\/06\/Martina-Krottmayer.pdf\" target=\"_blank\" rel=\"noopener noreferrer\"><u>Download Profil<br \/> <\/u><\/a><u><a href=\"https:\/\/www.youtube.com\/watch?v=t2nmyJRi_AM\">Wolkenrot proudly presents: Martina Krottmayer (Video)<\/a><\/u><\/p>\n<p>[\/et_pb_team_member][\/et_pb_column][et_pb_column type=&#8221;1_3&#8243; _builder_version=&#8221;4.16&#8243; _module_preset=&#8221;default&#8221; global_colors_info=&#8221;{}&#8221;][\/et_pb_column][\/et_pb_row][et_pb_row _builder_version=&#8221;4.16&#8243; _module_preset=&#8221;default&#8221; global_colors_info=&#8221;{}&#8221;][et_pb_column type=&#8221;4_4&#8243; _builder_version=&#8221;4.16&#8243; _module_preset=&#8221;default&#8221; global_colors_info=&#8221;{}&#8221;][et_pb_divider _builder_version=&#8221;4.16&#8243; _module_preset=&#8221;default&#8221; global_colors_info=&#8221;{}&#8221;][\/et_pb_divider][\/et_pb_column][\/et_pb_row][\/et_pb_section][et_pb_section fb_built=&#8221;1&#8243; module_id=&#8221;handelskv&#8221; _builder_version=&#8221;4.16&#8243; _module_preset=&#8221;default&#8221; custom_padding=&#8221;0px|||||&#8221; global_colors_info=&#8221;{}&#8221;][et_pb_row _builder_version=&#8221;4.16&#8243; _module_preset=&#8221;default&#8221; global_colors_info=&#8221;{}&#8221;][et_pb_column type=&#8221;4_4&#8243; _builder_version=&#8221;4.16&#8243; _module_preset=&#8221;default&#8221; global_colors_info=&#8221;{}&#8221;][et_pb_text _builder_version=&#8221;4.16&#8243; _module_preset=&#8221;default&#8221; global_colors_info=&#8221;{}&#8221;]<\/p>\n<h3><span style=\"color: #808080\">22.04.2021 um 17:00 Uhr via Zoom<\/span><\/h3>\n<h3><span style=\"color: #808080\">Strategie &amp; Prozesse: eine Top Kombi!<\/span><\/h3>\n<h4><span style=\"color: #808080\">Wie sich beides positiv beeinflusst, und Organisationen fit f\u00fcr die Zukunft macht<\/span><\/h4>\n<p><span style=\"color: #808080\">Egal ob Sie auf selbstorganisierte oder herk\u00f6mmliche hierarchische Strukturen setzen \u2013 um Ihre Ressourcen zukunfts-fit zu managen, braucht es eine HR-Strategie. Der effektive Einsatz von Personalinstrumenten verlangt nach Strukturen und einem klaren Rahmen. Moderne HR-Prozesse, die diese Strukturen zum Leben erwecken runden die Top-Kombi ab.<\/span><\/p>\n<p><span style=\"color: #808080\">Ihre Gastgeber diesmal:<\/span><\/p>\n<p><span style=\"color: #808080\"><strong>Michael Baumgartner und Alexandra Schl\u00f6mmer, HR-Manager von Wolkenrot<\/strong>, zeigen Ihnen, welche Kraft in der richtigen Personalstrategie steckt und welche Bedeutung darauf abgestimmte HR-Prozesse f\u00fcr die erfolgreiche Entwicklung von KMU haben.<\/span><\/p>\n<p>[\/et_pb_text][\/et_pb_column][\/et_pb_row][et_pb_row column_structure=&#8221;1_3,1_3,1_3&#8243; _builder_version=&#8221;4.16&#8243; _module_preset=&#8221;default&#8221; global_colors_info=&#8221;{}&#8221;][et_pb_column type=&#8221;1_3&#8243; _builder_version=&#8221;4.16&#8243; _module_preset=&#8221;default&#8221; global_colors_info=&#8221;{}&#8221;][et_pb_team_member name=&#8221;Alexandra Schl\u00f6mmer&#8221; image_url=&#8221;https:\/\/wolkenrot.at\/wp-content\/uploads\/2020\/09\/Alexandra-Schloemmer.jpg&#8221; _builder_version=&#8221;4.16&#8243; _module_preset=&#8221;default&#8221; global_colors_info=&#8221;{}&#8221;]<\/p>\n<p style=\"text-align: center\">E:\u00a0<a href=\"mailto:alexandra.schloemmer@wolkenrot.at\">alexandra.schloemmer@wolkenrot.at<br \/> <\/a><a href=\"tel:+436606362664\"><\/a><a href=\"tel:+436604214102\"><\/a><a href=\"https:\/\/wolkenrot.at\/wp-content\/uploads\/2020\/01\/Alexandra-Schl\u00f6mmer.pdf\" target=\"_blank\" rel=\"noopener noreferrer\"><u>Download Profil<br \/> <\/u><\/a><u><a href=\"https:\/\/youtu.be\/hq31blbomr4\" target=\"_blank\" rel=\"noopener noreferrer\">Wolkenrot proudly presents: Alexandra Schl\u00f6mmer (Video)<\/a><\/u><\/p>\n<p>[\/et_pb_team_member][\/et_pb_column][et_pb_column type=&#8221;1_3&#8243; _builder_version=&#8221;4.16&#8243; _module_preset=&#8221;default&#8221; global_colors_info=&#8221;{}&#8221;][et_pb_team_member name=&#8221;Michael Baumgartner&#8221; image_url=&#8221;https:\/\/wolkenrot.at\/wp-content\/uploads\/2021\/02\/Michael-Baumgartner-Senior-Consultant-Senior-HR-Manager.jpg&#8221; _builder_version=&#8221;4.16&#8243; _module_preset=&#8221;default&#8221; global_colors_info=&#8221;{}&#8221;]<\/p>\n<p style=\"text-align: center\">E:<span>\u00a0<a href=\"mailto:michael.baumgartner@wolkenrot.at\">michael.baumgartner@wolkenrot.at<\/a><\/span><br \/> <a href=\"https:\/\/wolkenrot.at\/wp-content\/uploads\/2021\/03\/Michael-Baumgartner-Sedcard.pdf\" target=\"_blank\" rel=\"noopener noreferrer\"><u>Download Profil<br \/><\/u><\/a><u><a href=\"https:\/\/www.youtube.com\/watch?v=KPJsABMJASo\" target=\"_blank\" rel=\"noopener noreferrer\">Wolkenrot proudly presents: Michael Baumgartner (Video)<\/a><\/u><\/p>\n<p>[\/et_pb_team_member][\/et_pb_column][et_pb_column type=&#8221;1_3&#8243; _builder_version=&#8221;4.16&#8243; _module_preset=&#8221;default&#8221; global_colors_info=&#8221;{}&#8221;][\/et_pb_column][\/et_pb_row][et_pb_row _builder_version=&#8221;4.16&#8243; _module_preset=&#8221;default&#8221; global_colors_info=&#8221;{}&#8221;][et_pb_column type=&#8221;4_4&#8243; _builder_version=&#8221;4.16&#8243; _module_preset=&#8221;default&#8221; global_colors_info=&#8221;{}&#8221;][et_pb_button button_url=&#8221;https:\/\/wolkenrot.at\/personalstrategie\/&#8221; button_text=&#8221;Warum Personalstrategie f\u00fcr KMUs so wichtig ist&#8221; button_alignment=&#8221;center&#8221; _builder_version=&#8221;4.16&#8243; background_layout=&#8221;dark&#8221; button_letter_spacing_hover=&#8221;2px&#8221; button_bg_color_hover=&#8221;#e0c588&#8243; global_colors_info=&#8221;{}&#8221; button_one_text_size__hover_enabled=&#8221;off&#8221; button_two_text_size__hover_enabled=&#8221;off&#8221; button_one_text_color__hover_enabled=&#8221;off&#8221; button_two_text_color__hover_enabled=&#8221;off&#8221; button_one_border_width__hover_enabled=&#8221;off&#8221; button_two_border_width__hover_enabled=&#8221;off&#8221; button_one_border_color__hover_enabled=&#8221;off&#8221; button_two_border_color__hover_enabled=&#8221;off&#8221; button_one_border_radius__hover_enabled=&#8221;off&#8221; button_two_border_radius__hover_enabled=&#8221;off&#8221; button_one_letter_spacing__hover_enabled=&#8221;off&#8221; button_two_letter_spacing__hover_enabled=&#8221;off&#8221; button_one_bg_color__hover_enabled=&#8221;off&#8221; button_two_bg_color__hover_enabled=&#8221;off&#8221;][\/et_pb_button][et_pb_button button_url=&#8221;https:\/\/wolkenrot.at\/hr-prozesse\/&#8221; button_text=&#8221;Welche Rolle HR-Prozesse f\u00fcr den Erfolg spielen&#8221; button_alignment=&#8221;center&#8221; _builder_version=&#8221;4.16&#8243; background_layout=&#8221;dark&#8221; button_letter_spacing_hover=&#8221;2px&#8221; button_bg_color_hover=&#8221;#e0c588&#8243; global_colors_info=&#8221;{}&#8221; button_one_text_size__hover_enabled=&#8221;off&#8221; button_two_text_size__hover_enabled=&#8221;off&#8221; button_one_text_color__hover_enabled=&#8221;off&#8221; button_two_text_color__hover_enabled=&#8221;off&#8221; button_one_border_width__hover_enabled=&#8221;off&#8221; button_two_border_width__hover_enabled=&#8221;off&#8221; button_one_border_color__hover_enabled=&#8221;off&#8221; button_two_border_color__hover_enabled=&#8221;off&#8221; button_one_border_radius__hover_enabled=&#8221;off&#8221; button_two_border_radius__hover_enabled=&#8221;off&#8221; button_one_letter_spacing__hover_enabled=&#8221;off&#8221; button_two_letter_spacing__hover_enabled=&#8221;off&#8221; button_one_bg_color__hover_enabled=&#8221;off&#8221; button_two_bg_color__hover_enabled=&#8221;off&#8221;][\/et_pb_button][\/et_pb_column][\/et_pb_row][et_pb_row _builder_version=&#8221;4.16&#8243; _module_preset=&#8221;default&#8221; global_colors_info=&#8221;{}&#8221;][et_pb_column type=&#8221;4_4&#8243; _builder_version=&#8221;4.16&#8243; _module_preset=&#8221;default&#8221; global_colors_info=&#8221;{}&#8221;][et_pb_divider _builder_version=&#8221;4.16&#8243; _module_preset=&#8221;default&#8221; global_colors_info=&#8221;{}&#8221;][\/et_pb_divider][\/et_pb_column][\/et_pb_row][\/et_pb_section][et_pb_section fb_built=&#8221;1&#8243; module_id=&#8221;handelskv&#8221; _builder_version=&#8221;4.16&#8243; _module_preset=&#8221;default&#8221; global_colors_info=&#8221;{}&#8221;][et_pb_row _builder_version=&#8221;4.16&#8243; _module_preset=&#8221;default&#8221; global_colors_info=&#8221;{}&#8221;][et_pb_column type=&#8221;4_4&#8243; _builder_version=&#8221;4.16&#8243; _module_preset=&#8221;default&#8221; global_colors_info=&#8221;{}&#8221;][et_pb_text _builder_version=&#8221;4.16&#8243; _module_preset=&#8221;default&#8221; global_colors_info=&#8221;{}&#8221;]<\/p>\n<h3><span style=\"color: #808080\">18.03.2021 um 17:00 Uhr via Zoom &#8211;<\/span> <a href=\"https:\/\/wolkenrot.at\/wp-content\/uploads\/2021\/03\/Happy-Hour-Grassroots-180321.pdf\" target=\"_blank\" rel=\"noopener noreferrer\">Download<\/a><\/h3>\n<h3><span style=\"color: #808080\">Energie im Lockdown mobilisieren:\u00a0Gewinnen Sie Fans f\u00fcr Ihre Ziele und Ver\u00e4nderungen!<\/span><\/h3>\n<ul>\n<li><span style=\"color: #808080\">Zehrt der lange Lockdown schon an den Nerven Ihrer KollegInnen?\u00a0<\/span><\/li>\n<li><span style=\"color: #808080\">Wollen Sie MitarbeiterInnen auch in schwierigen Zeiten f\u00fcr Ihr Vorhaben und f\u00fcr Neues gewinnen?<\/span><\/li>\n<li><span style=\"color: #808080\">Fehlt es oft an Energie und Engagement um Ihre Ziele zu erreichen?<\/span><\/li>\n<\/ul>\n<p><span style=\"color: #808080\">Dann sollten Sie schleunigst mit der Grassroots Methodik das Unternehmens-Netzwerk mobilisieren und Fans gewinnen!<\/span><\/p>\n<p><span style=\"color: #808080\">Wie Ihnen das gelingt, erfahren Sie in unserer <strong>Happy Hour am 18.03.2021 von 17:00 \u2013 18:00 Uhr!<\/strong><\/span><\/p>\n<p>[\/et_pb_text][\/et_pb_column][\/et_pb_row][et_pb_row column_structure=&#8221;1_3,1_3,1_3&#8243; _builder_version=&#8221;4.16&#8243; _module_preset=&#8221;default&#8221; global_colors_info=&#8221;{}&#8221;][et_pb_column type=&#8221;1_3&#8243; _builder_version=&#8221;4.16&#8243; _module_preset=&#8221;default&#8221; global_colors_info=&#8221;{}&#8221;][et_pb_team_member name=&#8221;Tanya Pagani&#8221; image_url=&#8221;https:\/\/wolkenrot.at\/wp-content\/uploads\/2018\/04\/Tanya-Pagani-Final.jpg&#8221; _builder_version=&#8221;4.16&#8243; _module_preset=&#8221;default&#8221; global_colors_info=&#8221;{}&#8221;]<\/p>\n<p style=\"text-align: center\"><span>E:\u00a0<\/span><a href=\"mailto:tanya.pagani@wolkenrot.at\">tanya.pagani@wolkenrot.at<\/a><br \/> <a href=\"https:\/\/wolkenrot.at\/wp-content\/uploads\/2020\/06\/Tanya-Pagani.pdf\"><u>Download Profil<br \/><\/u><\/a><a href=\"https:\/\/www.youtube.com\/watch?v=YUW71fQAt4I&amp;feature=youtu.be\" target=\"_blank\" rel=\"noopener noreferrer\"><u>Wolkenrot proudly presents: Tanya Pagani (Video)<\/u><\/a><\/p>\n<p>[\/et_pb_team_member][\/et_pb_column][et_pb_column type=&#8221;1_3&#8243; _builder_version=&#8221;4.16&#8243; _module_preset=&#8221;default&#8221; global_colors_info=&#8221;{}&#8221;][et_pb_team_member name=&#8221;Julia Lipok&#8221; image_url=&#8221;https:\/\/wolkenrot.at\/wp-content\/uploads\/2020\/09\/Julia-Lipok_final.jpg&#8221; _builder_version=&#8221;4.16&#8243; _module_preset=&#8221;default&#8221; global_colors_info=&#8221;{}&#8221;]<\/p>\n<p style=\"text-align: center\"><span>E:\u00a0<\/span><a href=\"mailto:julia.lipok@wolkenrot.at\"><\/a><a href=\"mailto:julia.lipok@wolkenrot.at\">julia.lipok@wolkenrot.at<\/a><a href=\"tel:+436642416321\"><br \/> <\/a><a href=\"https:\/\/wolkenrot.at\/wp-content\/uploads\/2020\/06\/Julia-Lipok-Sedcard_e.pdf\"><u>Download Profil<br \/><\/u><\/a><a href=\"https:\/\/www.youtube.com\/watch?v=YuIqLt9RL9c\"><u>Wolkenrot proudly presents: Julia Lipok (Video)<\/u><\/a><\/p>\n<p>[\/et_pb_team_member][\/et_pb_column][et_pb_column type=&#8221;1_3&#8243; _builder_version=&#8221;4.16&#8243; _module_preset=&#8221;default&#8221; global_colors_info=&#8221;{}&#8221;][\/et_pb_column][\/et_pb_row][et_pb_row _builder_version=&#8221;4.16&#8243; _module_preset=&#8221;default&#8221; global_colors_info=&#8221;{}&#8221;][et_pb_column type=&#8221;4_4&#8243; _builder_version=&#8221;4.16&#8243; _module_preset=&#8221;default&#8221; global_colors_info=&#8221;{}&#8221;][et_pb_button button_url=&#8221;https:\/\/wolkenrot.at\/energie-im-lockdown\/&#8221; button_text=&#8221;Mehr zur Mobilisierung durch Grassroots&#8221; button_alignment=&#8221;center&#8221; _builder_version=&#8221;4.16&#8243; background_layout=&#8221;dark&#8221; button_letter_spacing_hover=&#8221;2px&#8221; button_bg_color_hover=&#8221;#e0c588&#8243; global_colors_info=&#8221;{}&#8221; button_one_text_size__hover_enabled=&#8221;off&#8221; button_two_text_size__hover_enabled=&#8221;off&#8221; button_one_text_color__hover_enabled=&#8221;off&#8221; button_two_text_color__hover_enabled=&#8221;off&#8221; button_one_border_width__hover_enabled=&#8221;off&#8221; button_two_border_width__hover_enabled=&#8221;off&#8221; button_one_border_color__hover_enabled=&#8221;off&#8221; button_two_border_color__hover_enabled=&#8221;off&#8221; button_one_border_radius__hover_enabled=&#8221;off&#8221; button_two_border_radius__hover_enabled=&#8221;off&#8221; button_one_letter_spacing__hover_enabled=&#8221;off&#8221; button_two_letter_spacing__hover_enabled=&#8221;off&#8221; button_one_bg_color__hover_enabled=&#8221;off&#8221; button_two_bg_color__hover_enabled=&#8221;off&#8221;][\/et_pb_button][\/et_pb_column][\/et_pb_row][et_pb_row _builder_version=&#8221;4.16&#8243; _module_preset=&#8221;default&#8221; global_colors_info=&#8221;{}&#8221;][et_pb_column type=&#8221;4_4&#8243; _builder_version=&#8221;4.16&#8243; _module_preset=&#8221;default&#8221; global_colors_info=&#8221;{}&#8221;][et_pb_divider _builder_version=&#8221;4.16&#8243; _module_preset=&#8221;default&#8221; global_colors_info=&#8221;{}&#8221;][\/et_pb_divider][\/et_pb_column][\/et_pb_row][\/et_pb_section][et_pb_section fb_built=&#8221;1&#8243; module_id=&#8221;handelskv&#8221; _builder_version=&#8221;4.16&#8243; _module_preset=&#8221;default&#8221; global_colors_info=&#8221;{}&#8221;][et_pb_row _builder_version=&#8221;4.16&#8243; _module_preset=&#8221;default&#8221; global_colors_info=&#8221;{}&#8221;][et_pb_column type=&#8221;4_4&#8243; _builder_version=&#8221;4.16&#8243; _module_preset=&#8221;default&#8221; global_colors_info=&#8221;{}&#8221;][et_pb_text _builder_version=&#8221;4.16&#8243; _module_preset=&#8221;default&#8221; global_colors_info=&#8221;{}&#8221;]<\/p>\n<h3><span style=\"color: #808080\">18.02.2021 um 17:00 Uhr via Zoom &#8211; <\/span><a href=\"https:\/\/wolkenrot.at\/wp-content\/uploads\/2021\/10\/Happy-Hour-Remote-Teams-zu-Bestleistungen-bringen.pdf\" target=\"_blank\" rel=\"noopener noreferrer\">Download<\/a><\/h3>\n<h3><span style=\"color: #808080\">Remote-Teams zu Bestleistungen bringen!<\/span><\/h3>\n<p><span style=\"color: #808080\">Nutzen Sie die Kraft des effektiven Alignments, um die die Herausforderung der hybriden Zusammenarbeit zu meistern.<\/span><br \/><span style=\"color: #808080\"> Ihre Gastgeber diesmal:<\/span><br \/><span style=\"color: #808080\"> <strong>Rudolf Vogl und Egbert Amann-\u00d6lz, HR-Manager bei Wolkenrot,<\/strong> geben Ihnen hilfreiche Tipps, wie Sie erforderliches Vertrauen, Alignment und Engagement entwickeln und die Leistungsf\u00e4higkeit Ihrer Mitarbeiter steigern.<\/span><\/p>\n<p>[\/et_pb_text][\/et_pb_column][\/et_pb_row][et_pb_row column_structure=&#8221;1_3,1_3,1_3&#8243; _builder_version=&#8221;4.16&#8243; _module_preset=&#8221;default&#8221; global_colors_info=&#8221;{}&#8221;][et_pb_column type=&#8221;1_3&#8243; _builder_version=&#8221;4.16&#8243; _module_preset=&#8221;default&#8221; global_colors_info=&#8221;{}&#8221;][et_pb_team_member name=&#8221;Rudolf Vogl&#8221; image_url=&#8221;https:\/\/wolkenrot.at\/wp-content\/uploads\/2021\/02\/Rudolf-Vogl_remote-Leadership.jpg&#8221; _builder_version=&#8221;4.16&#8243; _module_preset=&#8221;default&#8221; min_height=&#8221;540.7px&#8221; global_colors_info=&#8221;{}&#8221;]<\/p>\n<p style=\"text-align: center\"><span>E:<\/span><span>\u00a0<\/span><a href=\"mailto:rudolf.vogl@wolkenrot.at\">rudolf.vogl@wolkenrot.at<br \/> <\/a><span>M:\u00a0<\/span><a href=\"tel:+436645442658\">+43 664 544 26 58<\/a><a href=\"tel:+4369919561836\"><br \/> <\/a><a href=\"https:\/\/wolkenrot.at\/wp-content\/uploads\/2021\/02\/Rudolf-Vogl-Sedcard.pdf\" target=\"_blank\" rel=\"noopener noreferrer\"><u>Download Profil<\/u><\/a><br \/> <a href=\"https:\/\/www.youtube.com\/watch?v=NIomPYkDGvw\" target=\"_blank\" rel=\"noopener noreferrer\"><u>Wolkenrot proudly presents: Rudolf Vogl (Video)<\/u><\/a><\/p>\n<p>[\/et_pb_team_member][\/et_pb_column][et_pb_column type=&#8221;1_3&#8243; _builder_version=&#8221;4.16&#8243; _module_preset=&#8221;default&#8221; global_colors_info=&#8221;{}&#8221;][et_pb_team_member name=&#8221;Egbert Amann-\u00d6lz&#8221; image_url=&#8221;https:\/\/wolkenrot.at\/wp-content\/uploads\/2020\/09\/Egbert_Amann-Oelz.jpg&#8221; _builder_version=&#8221;4.16&#8243; _module_preset=&#8221;default&#8221; global_colors_info=&#8221;{}&#8221;]<\/p>\n<p style=\"text-align: center\"><span>E:<\/span><span>\u00a0<\/span><a href=\"mailto:egbert.amann.oelz@wolkenrot.at\">egbert.amann.oelz@wolkenrot.at<\/a><br \/> <span>M:<\/span><span>\u00a0<\/span><a href=\"tel:+436641776677\">+43 664 177 66 77<\/a><br \/> <a href=\"https:\/\/wolkenrot.at\/wp-content\/uploads\/2019\/09\/Egbert-Amann-%C3%96lz-Setkarte.pdf\" target=\"_blank\" rel=\"noopener noreferrer\"><u>Download Profil<\/u><\/a><br \/> <u><a href=\"https:\/\/www.youtube.com\/watch?v=-PgAYZjmpE0&amp;feature=youtu.be\" target=\"_blank\" rel=\"noopener noreferrer\">Wolkenrot proudly presents: Egbert Amann-\u00d6lz (Video)<\/a><\/u><\/p>\n<p>&nbsp;<\/p>\n<p>[\/et_pb_team_member][\/et_pb_column][et_pb_column type=&#8221;1_3&#8243; _builder_version=&#8221;4.16&#8243; _module_preset=&#8221;default&#8221; global_colors_info=&#8221;{}&#8221;][\/et_pb_column][\/et_pb_row][et_pb_row _builder_version=&#8221;4.16&#8243; _module_preset=&#8221;default&#8221; global_colors_info=&#8221;{}&#8221;][et_pb_column type=&#8221;4_4&#8243; _builder_version=&#8221;4.16&#8243; _module_preset=&#8221;default&#8221; global_colors_info=&#8221;{}&#8221;][et_pb_button button_url=&#8221;https:\/\/wolkenrot.at\/team-alignment\/&#8221; button_text=&#8221;Mehr zum Alignement von Teams&#8221; button_alignment=&#8221;center&#8221; _builder_version=&#8221;4.16&#8243; background_layout=&#8221;dark&#8221; button_letter_spacing_hover=&#8221;2px&#8221; button_bg_color_hover=&#8221;#e0c588&#8243; global_colors_info=&#8221;{}&#8221; button_one_text_size__hover_enabled=&#8221;off&#8221; button_two_text_size__hover_enabled=&#8221;off&#8221; button_one_text_color__hover_enabled=&#8221;off&#8221; button_two_text_color__hover_enabled=&#8221;off&#8221; button_one_border_width__hover_enabled=&#8221;off&#8221; button_two_border_width__hover_enabled=&#8221;off&#8221; button_one_border_color__hover_enabled=&#8221;off&#8221; button_two_border_color__hover_enabled=&#8221;off&#8221; button_one_border_radius__hover_enabled=&#8221;off&#8221; button_two_border_radius__hover_enabled=&#8221;off&#8221; button_one_letter_spacing__hover_enabled=&#8221;off&#8221; button_two_letter_spacing__hover_enabled=&#8221;off&#8221; button_one_bg_color__hover_enabled=&#8221;off&#8221; button_two_bg_color__hover_enabled=&#8221;off&#8221;][\/et_pb_button][et_pb_button button_url=&#8221;https:\/\/wolkenrot.at\/wirksame-fuehrung&#8221; button_text=&#8221;Mehr zur wirksamen F\u00fchrung&#8221; button_alignment=&#8221;center&#8221; _builder_version=&#8221;4.16&#8243; background_layout=&#8221;dark&#8221; button_letter_spacing_hover=&#8221;2px&#8221; button_bg_color_hover=&#8221;#e0c588&#8243; global_colors_info=&#8221;{}&#8221; button_one_text_size__hover_enabled=&#8221;off&#8221; button_two_text_size__hover_enabled=&#8221;off&#8221; button_one_text_color__hover_enabled=&#8221;off&#8221; button_two_text_color__hover_enabled=&#8221;off&#8221; button_one_border_width__hover_enabled=&#8221;off&#8221; button_two_border_width__hover_enabled=&#8221;off&#8221; button_one_border_color__hover_enabled=&#8221;off&#8221; button_two_border_color__hover_enabled=&#8221;off&#8221; button_one_border_radius__hover_enabled=&#8221;off&#8221; button_two_border_radius__hover_enabled=&#8221;off&#8221; button_one_letter_spacing__hover_enabled=&#8221;off&#8221; button_two_letter_spacing__hover_enabled=&#8221;off&#8221; button_one_bg_color__hover_enabled=&#8221;off&#8221; button_two_bg_color__hover_enabled=&#8221;off&#8221;][\/et_pb_button][\/et_pb_column][\/et_pb_row][et_pb_row _builder_version=&#8221;4.16&#8243; _module_preset=&#8221;default&#8221; global_colors_info=&#8221;{}&#8221;][et_pb_column type=&#8221;4_4&#8243; _builder_version=&#8221;4.16&#8243; _module_preset=&#8221;default&#8221; global_colors_info=&#8221;{}&#8221;][et_pb_divider _builder_version=&#8221;4.16&#8243; _module_preset=&#8221;default&#8221; global_colors_info=&#8221;{}&#8221;][\/et_pb_divider][\/et_pb_column][\/et_pb_row][\/et_pb_section][et_pb_section fb_built=&#8221;1&#8243; module_id=&#8221;handelskv&#8221; _builder_version=&#8221;4.16&#8243; _module_preset=&#8221;default&#8221; global_colors_info=&#8221;{}&#8221;][et_pb_row _builder_version=&#8221;4.16&#8243; _module_preset=&#8221;default&#8221; global_colors_info=&#8221;{}&#8221;][et_pb_column type=&#8221;4_4&#8243; _builder_version=&#8221;4.16&#8243; _module_preset=&#8221;default&#8221; global_colors_info=&#8221;{}&#8221;][et_pb_text _builder_version=&#8221;4.16&#8243; _module_preset=&#8221;default&#8221; global_colors_info=&#8221;{}&#8221;]<\/p>\n<h3><span style=\"color: #808080\">08.10.2020 um 17:00 Uhr via Zoom &#8211;<\/span> <a href=\"https:\/\/wolkenrot.at\/wp-content\/uploads\/2021\/02\/Gehaltsverhandlung-in-Krisenzeiten.pdf\">Download\u00a0<\/a><\/h3>\n<h3><span style=\"color: #808080\">Gehaltsverhandlungen in Krisenzeiten &#8211;\u00a0Kosten sparen ohne Motivationsverlust\u00a0<\/span><\/h3>\n<p>[\/et_pb_text][\/et_pb_column][\/et_pb_row][et_pb_row column_structure=&#8221;1_3,1_3,1_3&#8243; _builder_version=&#8221;4.16&#8243; _module_preset=&#8221;default&#8221; global_colors_info=&#8221;{}&#8221;][et_pb_column type=&#8221;1_3&#8243; _builder_version=&#8221;4.16&#8243; _module_preset=&#8221;default&#8221; global_colors_info=&#8221;{}&#8221;][et_pb_team_member name=&#8221;Conrad Pramb\u00f6ck&#8221; image_url=&#8221;https:\/\/wolkenrot.at\/wp-content\/uploads\/2021\/01\/Conrad-Pramboeck-Gehaltsexperte.jpg&#8221; _builder_version=&#8221;4.16&#8243; _module_preset=&#8221;default&#8221; global_colors_info=&#8221;{}&#8221;]<\/p>\n<p style=\"text-align: center\"><a href=\"mailto:cp@upstyle-consulting.com\">cp@upstyle-consulting.com<\/a><\/p>\n<p>[\/et_pb_team_member][\/et_pb_column][et_pb_column type=&#8221;1_3&#8243; _builder_version=&#8221;4.16&#8243; _module_preset=&#8221;default&#8221; global_colors_info=&#8221;{}&#8221;][\/et_pb_column][et_pb_column type=&#8221;1_3&#8243; _builder_version=&#8221;4.16&#8243; _module_preset=&#8221;default&#8221; global_colors_info=&#8221;{}&#8221;][\/et_pb_column][\/et_pb_row][et_pb_row _builder_version=&#8221;4.16&#8243; _module_preset=&#8221;default&#8221; global_colors_info=&#8221;{}&#8221;][et_pb_column type=&#8221;4_4&#8243; _builder_version=&#8221;4.16&#8243; _module_preset=&#8221;default&#8221; global_colors_info=&#8221;{}&#8221;][et_pb_divider _builder_version=&#8221;4.16&#8243; _module_preset=&#8221;default&#8221; global_colors_info=&#8221;{}&#8221;][\/et_pb_divider][\/et_pb_column][\/et_pb_row][\/et_pb_section][et_pb_section fb_built=&#8221;1&#8243; module_id=&#8221;handelskv&#8221; _builder_version=&#8221;4.16&#8243; _module_preset=&#8221;default&#8221; global_colors_info=&#8221;{}&#8221;][et_pb_row _builder_version=&#8221;4.16&#8243; _module_preset=&#8221;default&#8221; global_colors_info=&#8221;{}&#8221;][et_pb_column type=&#8221;4_4&#8243; _builder_version=&#8221;4.16&#8243; _module_preset=&#8221;default&#8221; global_colors_info=&#8221;{}&#8221;][et_pb_text _builder_version=&#8221;4.16&#8243; _module_preset=&#8221;default&#8221; global_colors_info=&#8221;{}&#8221;]<\/p>\n<h3><span style=\"color: #808080\">03.12.2020 um 17:00 Uhr via Zoom<\/span><\/h3>\n<h3><span style=\"color: #808080\">Wie wird ein Unternehmen agil?\u00a0Welchen Beitrag kann Human Resources zur agilen Transformation leisten? Dieser Frage wollen wir gemeinsam mit Ihnen nachgehen und unsere Erfahrungen aus Beratungsprojekten mit Ihnen teilen.<\/span><\/h3>\n<p>[\/et_pb_text][\/et_pb_column][\/et_pb_row][et_pb_row column_structure=&#8221;1_3,1_3,1_3&#8243; _builder_version=&#8221;4.16&#8243; _module_preset=&#8221;default&#8221; global_colors_info=&#8221;{}&#8221;][et_pb_column type=&#8221;1_3&#8243; _builder_version=&#8221;4.16&#8243; _module_preset=&#8221;default&#8221; global_colors_info=&#8221;{}&#8221;][et_pb_team_member name=&#8221;Doris Sch\u00e4fer&#8221; image_url=&#8221;https:\/\/wolkenrot.at\/wp-content\/uploads\/2020\/09\/Doris-Schafer.jpg&#8221; _builder_version=&#8221;4.16&#8243; _module_preset=&#8221;default&#8221; global_colors_info=&#8221;{}&#8221;]<\/p>\n<p style=\"text-align: center\"><span>E:\u00a0<\/span><a href=\"mailto:doris.schaefer@wolkenrot.at\">doris.schaefer@wolkenrot.at<br \/><\/a><a href=\"https:\/\/wolkenrot.at\/wp-content\/uploads\/2020\/06\/Doris-Sch%C3%A4fer.pdf\"><u>Download Profil<\/u><\/a><\/p>\n<p>[\/et_pb_team_member][\/et_pb_column][et_pb_column type=&#8221;1_3&#8243; _builder_version=&#8221;4.16&#8243; _module_preset=&#8221;default&#8221; global_colors_info=&#8221;{}&#8221;][et_pb_team_member name=&#8221;Annika Serfass&#8221; image_url=&#8221;https:\/\/wolkenrot.at\/wp-content\/uploads\/2020\/11\/Annika-Serfass_Agilitaet_Happy_Hour.jpg&#8221; _builder_version=&#8221;4.16&#8243; _module_preset=&#8221;default&#8221; global_colors_info=&#8221;{}&#8221;]<\/p>\n<p style=\"text-align: center\"><span>E:\u00a0<a href=\"mailto:annika@annikaserfass.de\">annika@annikaserfass.de<\/a><\/span><\/p>\n<p>[\/et_pb_team_member][\/et_pb_column][et_pb_column type=&#8221;1_3&#8243; _builder_version=&#8221;4.16&#8243; _module_preset=&#8221;default&#8221; global_colors_info=&#8221;{}&#8221;][et_pb_team_member name=&#8221;Pascale Gruen&#8221; image_url=&#8221;https:\/\/wolkenrot.at\/wp-content\/uploads\/2020\/11\/Pascale_Gruen_Agilitaet_Happy_Hour.jpg&#8221; _builder_version=&#8221;4.16&#8243; _module_preset=&#8221;default&#8221; global_colors_info=&#8221;{}&#8221;]<\/p>\n<p style=\"text-align: center\"><span>E:\u00a0<a href=\"mailto:p.gruen@gruenconsult.de\"><span data-hovercard-id=\"p.gruen@gruenconsult.de\" data-hovercard-owner-id=\"130\">p.gruen@gruenconsult.de<\/span><\/a><\/span><\/p>\n<p>[\/et_pb_team_member][\/et_pb_column][\/et_pb_row][et_pb_row _builder_version=&#8221;4.16&#8243; _module_preset=&#8221;default&#8221; global_colors_info=&#8221;{}&#8221;][et_pb_column type=&#8221;4_4&#8243; _builder_version=&#8221;4.16&#8243; _module_preset=&#8221;default&#8221; global_colors_info=&#8221;{}&#8221;][et_pb_divider _builder_version=&#8221;4.16&#8243; _module_preset=&#8221;default&#8221; global_colors_info=&#8221;{}&#8221;][\/et_pb_divider][\/et_pb_column][\/et_pb_row][\/et_pb_section][et_pb_section fb_built=&#8221;1&#8243; module_id=&#8221;handelskv&#8221; _builder_version=&#8221;4.16&#8243; _module_preset=&#8221;default&#8221; global_colors_info=&#8221;{}&#8221;][et_pb_row _builder_version=&#8221;4.16&#8243; _module_preset=&#8221;default&#8221; global_colors_info=&#8221;{}&#8221;][et_pb_column type=&#8221;4_4&#8243; _builder_version=&#8221;4.16&#8243; _module_preset=&#8221;default&#8221; global_colors_info=&#8221;{}&#8221;][et_pb_text _builder_version=&#8221;4.16&#8243; _module_preset=&#8221;default&#8221; global_colors_info=&#8221;{}&#8221;]<\/p>\n<h3><span style=\"color: #808080\">26.11.2020 um 17:00 Uhr via Zoom<\/span><\/h3>\n<h3><span style=\"color: #808080\">Umstellung Handelskollektivvertrag &#8211; Die wichtigsten Tipps, Inputs und Infos<\/span><\/h3>\n<p>[\/et_pb_text][\/et_pb_column][\/et_pb_row][et_pb_row column_structure=&#8221;1_3,1_3,1_3&#8243; _builder_version=&#8221;4.16&#8243; _module_preset=&#8221;default&#8221; global_colors_info=&#8221;{}&#8221;][et_pb_column type=&#8221;1_3&#8243; _builder_version=&#8221;4.16&#8243; _module_preset=&#8221;default&#8221; global_colors_info=&#8221;{}&#8221;][et_pb_team_member name=&#8221;Petra Payer&#8221; image_url=&#8221;https:\/\/wolkenrot.at\/wp-content\/uploads\/2020\/09\/Petra-Payer.jpg&#8221; _builder_version=&#8221;4.16&#8243; _module_preset=&#8221;default&#8221; global_colors_info=&#8221;{}&#8221;]<\/p>\n<p style=\"text-align: center\"><span>E:<\/span><span>\u00a0<\/span><a href=\"mailto:petra.payer@wolkenrot.at\">petra.payer@wolkenrot.at<\/a><br \/> <a href=\"https:\/\/wolkenrot.at\/wp-content\/uploads\/2020\/01\/Petra-Payer-Setkarte.pdf\"><u>Download Profil<\/u><\/a><\/p>\n<p>[\/et_pb_team_member][\/et_pb_column][et_pb_column type=&#8221;1_3&#8243; _builder_version=&#8221;4.16&#8243; _module_preset=&#8221;default&#8221; global_colors_info=&#8221;{}&#8221;][et_pb_team_member name=&#8221;Otto St\u00f6kl&#8221; image_url=&#8221;https:\/\/wolkenrot.at\/wp-content\/uploads\/2020\/11\/Otto_Stoekl_Handelskollektivvertrag_neu_TJP.jpg&#8221; _builder_version=&#8221;4.16&#8243; _module_preset=&#8221;default&#8221; global_colors_info=&#8221;{}&#8221;]<\/p>\n<p style=\"text-align: center\"><span>E:<\/span><span>\u00a0<a href=\"mailto:otto.stoekl@tjp.at\">otto.stoekl@tjp.at<\/a><\/span><\/p>\n<p>[\/et_pb_team_member][\/et_pb_column][et_pb_column type=&#8221;1_3&#8243; _builder_version=&#8221;4.16&#8243; _module_preset=&#8221;default&#8221; global_colors_info=&#8221;{}&#8221;][\/et_pb_column][\/et_pb_row][et_pb_row _builder_version=&#8221;4.16&#8243; _module_preset=&#8221;default&#8221; global_colors_info=&#8221;{}&#8221;][et_pb_column type=&#8221;4_4&#8243; _builder_version=&#8221;4.16&#8243; _module_preset=&#8221;default&#8221; global_colors_info=&#8221;{}&#8221;][et_pb_divider _builder_version=&#8221;4.16&#8243; _module_preset=&#8221;default&#8221; global_colors_info=&#8221;{}&#8221;][\/et_pb_divider][\/et_pb_column][\/et_pb_row][\/et_pb_section][et_pb_section fb_built=&#8221;1&#8243; _builder_version=&#8221;4.16&#8243; _module_preset=&#8221;default&#8221; global_colors_info=&#8221;{}&#8221;][et_pb_row _builder_version=&#8221;4.16&#8243; _module_preset=&#8221;default&#8221; global_colors_info=&#8221;{}&#8221;][et_pb_column type=&#8221;4_4&#8243; _builder_version=&#8221;4.16&#8243; _module_preset=&#8221;default&#8221; global_colors_info=&#8221;{}&#8221;][et_pb_text _builder_version=&#8221;4.16&#8243; _module_preset=&#8221;default&#8221; global_colors_info=&#8221;{}&#8221;]<\/p>\n<h3><span style=\"color: #808080\">08.10.2020 um 17:00 Uhr via Zoom &#8211;<\/span> <a href=\"https:\/\/wolkenrot.at\/wp-content\/uploads\/2020\/10\/Happy-Hour-Natural-Born-Krisenmanager.pdf\">Download\u00a0<\/a><\/h3>\n<h3><span style=\"color: #808080\">Natural Born Krisenmanager &#8211; Warum Krisen f\u00fcr HR-Manager*innen Routine sind<\/span><br \/> <span style=\"color: #808080\"> In einer interaktiven Happy Hour diskutieren Susanne und Tanya mit Ihnen \u00fcber\u00a0HR-Krisen, die uns tagt\u00e4glich besch\u00e4ftigen\u00a0und \u00fcber Krisen, die uns aktuell viel\u00a0Kraft rauben.<\/span><\/h3>\n<p>[\/et_pb_text][\/et_pb_column][\/et_pb_row][et_pb_row column_structure=&#8221;1_3,1_3,1_3&#8243; _builder_version=&#8221;4.16&#8243; _module_preset=&#8221;default&#8221; global_colors_info=&#8221;{}&#8221;][et_pb_column type=&#8221;1_3&#8243; _builder_version=&#8221;4.16&#8243; _module_preset=&#8221;default&#8221; global_colors_info=&#8221;{}&#8221;][et_pb_team_member name=&#8221;Tanya Pagani&#8221; image_url=&#8221;https:\/\/wolkenrot.at\/wp-content\/uploads\/2018\/04\/Tanya-Pagani-Final.jpg&#8221; _builder_version=&#8221;4.16&#8243; _module_preset=&#8221;default&#8221; global_colors_info=&#8221;{}&#8221;]<\/p>\n<p style=\"text-align: center\"><span>E:\u00a0<\/span><a href=\"mailto:tanya.pagani@wolkenrot.at\">tanya.pagani@wolkenrot.at<\/a><br \/> <a href=\"https:\/\/wolkenrot.at\/wp-content\/uploads\/2020\/06\/Tanya-Pagani.pdf\"><u>Download Profil<\/u><\/a><\/p>\n<p>[\/et_pb_team_member][\/et_pb_column][et_pb_column type=&#8221;1_3&#8243; _builder_version=&#8221;4.16&#8243; _module_preset=&#8221;default&#8221; global_colors_info=&#8221;{}&#8221;][et_pb_team_member name=&#8221;Susanne Buchberger&#8221; image_url=&#8221;https:\/\/wolkenrot.at\/wp-content\/uploads\/2020\/09\/Susanne_Buchberger.jpg&#8221; _builder_version=&#8221;4.16&#8243; _module_preset=&#8221;default&#8221; text_orientation=&#8221;left&#8221; global_colors_info=&#8221;{}&#8221;]<\/p>\n<p style=\"text-align: center\"><span>E:<\/span><span>\u00a0<\/span><a href=\"mailto:susanne.buchberger@wolkenrot.at\">susanne.buchberger@wolkenrot.at<\/a><u><br \/> <\/u><a href=\"https:\/\/wolkenrot.at\/wp-content\/uploads\/2020\/01\/Susanne-Buchberger.pdfhttps:\/\/wolkenrot.at\/wp-content\/uploads\/2020\/01\/Susanne-Buchberger.pdf\"><u>Download Profil<\/u><\/a><\/p>\n<p>[\/et_pb_team_member][\/et_pb_column][et_pb_column type=&#8221;1_3&#8243; _builder_version=&#8221;4.16&#8243; _module_preset=&#8221;default&#8221; global_colors_info=&#8221;{}&#8221;][\/et_pb_column][\/et_pb_row][et_pb_row _builder_version=&#8221;4.16&#8243; _module_preset=&#8221;default&#8221; global_colors_info=&#8221;{}&#8221;][et_pb_column type=&#8221;4_4&#8243; _builder_version=&#8221;4.16&#8243; _module_preset=&#8221;default&#8221; global_colors_info=&#8221;{}&#8221;][et_pb_divider _builder_version=&#8221;4.16&#8243; _module_preset=&#8221;default&#8221; global_colors_info=&#8221;{}&#8221;][\/et_pb_divider][\/et_pb_column][\/et_pb_row][\/et_pb_section][et_pb_section fb_built=&#8221;1&#8243; _builder_version=&#8221;4.16&#8243; _module_preset=&#8221;default&#8221; global_colors_info=&#8221;{}&#8221;][et_pb_row _builder_version=&#8221;4.16&#8243; _module_preset=&#8221;default&#8221; global_colors_info=&#8221;{}&#8221;][et_pb_column type=&#8221;4_4&#8243; _builder_version=&#8221;4.16&#8243; _module_preset=&#8221;default&#8221; global_colors_info=&#8221;{}&#8221;][et_pb_text _builder_version=&#8221;4.16&#8243; _module_preset=&#8221;default&#8221; global_colors_info=&#8221;{}&#8221;]<\/p>\n<h3><span style=\"color: #808080\">02.07.2020 um 17:00 Uhr via Zoom<\/span><\/h3>\n<h3><span style=\"color: #808080\">Das Virus \u2013 der Lock-Down \u2013 ein Wolkenbruch \u2013 ein Neustart.<\/span><br \/><span style=\"color: #808080\"> Schauen Sie mit uns in einer spannenden Happy Hour bewusst hin. Gemeinsam starten wir eine Reflexion und profitieren von raschen Take-aways! Was nehme ich in meinem HR-Koffer mit auf die Reise und was landet im Papierkorb?<\/span><\/h3>\n<p>[\/et_pb_text][\/et_pb_column][\/et_pb_row][et_pb_row column_structure=&#8221;1_3,1_3,1_3&#8243; _builder_version=&#8221;4.16&#8243; _module_preset=&#8221;default&#8221; global_colors_info=&#8221;{}&#8221;][et_pb_column type=&#8221;1_3&#8243; _builder_version=&#8221;4.16&#8243; _module_preset=&#8221;default&#8221; global_colors_info=&#8221;{}&#8221;][et_pb_team_member name=&#8221;Birgit Slotta-Bachmayr&#8221; image_url=&#8221;https:\/\/wolkenrot.at\/wp-content\/uploads\/2020\/12\/Birgit-Slotta-Bachmayr.jpg&#8221; _builder_version=&#8221;4.16&#8243; _module_preset=&#8221;default&#8221; text_orientation=&#8221;left&#8221; global_colors_info=&#8221;{}&#8221;]<\/p>\n<p style=\"text-align: center\"><span>E:\u00a0<\/span><a href=\"mailto:birgit.slotta-bachmayr@wolkenrot.at\">birgit.slotta-bachmayr@wolkenrot.at<\/a><br \/> <a href=\"https:\/\/wolkenrot.at\/wp-content\/uploads\/2020\/01\/Birgit-Slotta-Bachmayr-Setkarte.pdf\"><u>Download Profil<\/u><\/a><\/p>\n<p>[\/et_pb_team_member][\/et_pb_column][et_pb_column type=&#8221;1_3&#8243; _builder_version=&#8221;4.16&#8243; _module_preset=&#8221;default&#8221; global_colors_info=&#8221;{}&#8221;][et_pb_team_member name=&#8221;Martin Eckert&#8221; image_url=&#8221;https:\/\/wolkenrot.at\/wp-content\/uploads\/2020\/09\/Martin_Eckert.jpg&#8221; _builder_version=&#8221;4.16&#8243; _module_preset=&#8221;default&#8221; text_orientation=&#8221;left&#8221; global_colors_info=&#8221;{}&#8221;]<\/p>\n<p style=\"text-align: center\"><span>E:\u00a0<\/span><a href=\"mailto:martin.eckert@wolkenrot.at\">martin.eckert@wolkenrot.at<\/a><br \/> <a href=\"https:\/\/wolkenrot.at\/wp-content\/uploads\/2018\/04\/Martin-Eckert-SedCard.pdf\"><u>Download Profil<\/u><\/a><\/p>\n<p>[\/et_pb_team_member][\/et_pb_column][et_pb_column type=&#8221;1_3&#8243; _builder_version=&#8221;4.16&#8243; _module_preset=&#8221;default&#8221; global_colors_info=&#8221;{}&#8221;][\/et_pb_column][\/et_pb_row][et_pb_row _builder_version=&#8221;4.16&#8243; _module_preset=&#8221;default&#8221; global_colors_info=&#8221;{}&#8221;][et_pb_column type=&#8221;4_4&#8243; _builder_version=&#8221;4.16&#8243; _module_preset=&#8221;default&#8221; global_colors_info=&#8221;{}&#8221;][et_pb_divider _builder_version=&#8221;4.16&#8243; _module_preset=&#8221;default&#8221; global_colors_info=&#8221;{}&#8221;][\/et_pb_divider][\/et_pb_column][\/et_pb_row][\/et_pb_section][et_pb_section fb_built=&#8221;1&#8243; _builder_version=&#8221;4.16&#8243; _module_preset=&#8221;default&#8221; global_colors_info=&#8221;{}&#8221;][et_pb_row _builder_version=&#8221;4.16&#8243; _module_preset=&#8221;default&#8221; global_colors_info=&#8221;{}&#8221;][et_pb_column type=&#8221;4_4&#8243; _builder_version=&#8221;4.16&#8243; _module_preset=&#8221;default&#8221; global_colors_info=&#8221;{}&#8221;][et_pb_text _builder_version=&#8221;4.16&#8243; _module_preset=&#8221;default&#8221; global_colors_info=&#8221;{}&#8221;]<\/p>\n<h3><span><span style=\"color: #808080\">04.06.2020 um 17:00 Uhr via Zoom \u2013<\/span>\u00a0<\/span><span><a href=\"https:\/\/wolkenrot.at\/wp-content\/uploads\/2020\/06\/Wolkenrot_Happy-Hour_HR-Digitalisierung_04062020.pdf\">Hier zum Download<\/a><\/span><\/h3>\n<h3><span style=\"color: #808080\">HR \u00fcber Nacht digitalisiert\u00a0\u2013 wer macht\u2019s und wie?\u00a0Wir berichten aus der Praxis, sprechen \u00fcber unsere Erfahrungen und freuen uns \u00fcber eine spannende Diskussion, welchen Einfluss Corona auf Digitalisierung in HR hat und in Zukunft haben wird?<\/span><\/h3>\n<p>[\/et_pb_text][\/et_pb_column][\/et_pb_row][et_pb_row column_structure=&#8221;1_3,1_3,1_3&#8243; _builder_version=&#8221;4.16&#8243; _module_preset=&#8221;default&#8221; global_colors_info=&#8221;{}&#8221;][et_pb_column type=&#8221;1_3&#8243; _builder_version=&#8221;4.16&#8243; _module_preset=&#8221;default&#8221; global_colors_info=&#8221;{}&#8221;][et_pb_team_member name=&#8221;Rudolf Vogl&#8221; image_url=&#8221;https:\/\/wolkenrot.at\/wp-content\/uploads\/2021\/02\/Rudolf-Vogl_remote-Leadership.jpg&#8221; _builder_version=&#8221;4.16&#8243; _module_preset=&#8221;default&#8221; global_colors_info=&#8221;{}&#8221;]<\/p>\n<p style=\"text-align: center\"><span>E:<\/span><span>\u00a0<\/span><a href=\"mailto:rudolf.vogl@wolkenrot.at\">rudolf.vogl@wolkenrot.at<\/a><a href=\"tel:+4369919561836\"><br \/> <\/a><a href=\"https:\/\/wolkenrot.at\/wp-content\/uploads\/2020\/06\/Rudolf-Vogl-Sedcard_e.pdf\"><u>Download Profil<\/u><\/a><\/p>\n<p>[\/et_pb_team_member][\/et_pb_column][et_pb_column type=&#8221;1_3&#8243; _builder_version=&#8221;4.16&#8243; _module_preset=&#8221;default&#8221; global_colors_info=&#8221;{}&#8221;][et_pb_team_member name=&#8221;Paul Stricker&#8221; image_url=&#8221;https:\/\/wolkenrot.at\/wp-content\/uploads\/2020\/09\/Paul-Stricker.jpg&#8221; _builder_version=&#8221;4.16&#8243; _module_preset=&#8221;default&#8221; global_colors_info=&#8221;{}&#8221;]<\/p>\n<p style=\"text-align: center\"><span>E:\u00a0<\/span><a href=\"mailto:paul.stricker@wolkenrot.at\">paul.stricker@wolkenrot.at<\/a><a href=\"tel:+4369919561836\"><br \/> <\/a><a href=\"https:\/\/wolkenrot.at\/wp-content\/uploads\/2020\/06\/Paul-Stricker-Sedcard_e.pdf\"><u>Download Profil<\/u><\/a><\/p>\n<p>[\/et_pb_team_member][\/et_pb_column][et_pb_column type=&#8221;1_3&#8243; _builder_version=&#8221;4.16&#8243; _module_preset=&#8221;default&#8221; global_colors_info=&#8221;{}&#8221;][\/et_pb_column][\/et_pb_row][et_pb_row _builder_version=&#8221;4.16&#8243; _module_preset=&#8221;default&#8221; global_colors_info=&#8221;{}&#8221;][et_pb_column type=&#8221;4_4&#8243; _builder_version=&#8221;4.16&#8243; _module_preset=&#8221;default&#8221; global_colors_info=&#8221;{}&#8221;][et_pb_divider _builder_version=&#8221;4.16&#8243; _module_preset=&#8221;default&#8221; global_colors_info=&#8221;{}&#8221;][\/et_pb_divider][\/et_pb_column][\/et_pb_row][\/et_pb_section][et_pb_section fb_built=&#8221;1&#8243; _builder_version=&#8221;4.16&#8243; _module_preset=&#8221;default&#8221; global_colors_info=&#8221;{}&#8221;][et_pb_row _builder_version=&#8221;4.16&#8243; _module_preset=&#8221;default&#8221; global_colors_info=&#8221;{}&#8221;][et_pb_column type=&#8221;4_4&#8243; _builder_version=&#8221;4.16&#8243; _module_preset=&#8221;default&#8221; global_colors_info=&#8221;{}&#8221;][et_pb_text _builder_version=&#8221;4.16&#8243; _module_preset=&#8221;default&#8221; global_colors_info=&#8221;{}&#8221;]<\/p>\n<h3><span><span style=\"color: #808080\">14.05.2020 um 17:00 Uhr via Zoom \u2013<\/span>\u00a0<\/span><span><a href=\"https:\/\/wolkenrot.at\/wp-content\/uploads\/2020\/05\/14_05_Happy-Hour-Recruiting.pdf\">Hier zum Download<\/a><\/span><\/h3>\n<h3><span style=\"color: #808080\">Recruiting jetzt? Im Ernst!\u00a0Was ist in Zeiten wie diesen noch g\u00fcltig? Machen wir weiter wie bisher oder probieren wir was ganz anderes?\u00a0 Wo liegen die Chancen und Herausforderungen? Diskutieren Sie mit!<\/span><\/h3>\n<p>[\/et_pb_text][\/et_pb_column][\/et_pb_row][et_pb_row column_structure=&#8221;1_3,1_3,1_3&#8243; _builder_version=&#8221;4.16&#8243; _module_preset=&#8221;default&#8221; global_colors_info=&#8221;{}&#8221;][et_pb_column type=&#8221;1_3&#8243; _builder_version=&#8221;4.16&#8243; _module_preset=&#8221;default&#8221; global_colors_info=&#8221;{}&#8221;][et_pb_team_member name=&#8221;Martina Hofer-Moreno&#8221; image_url=&#8221;https:\/\/wolkenrot.at\/wp-content\/uploads\/2020\/09\/Martina-Hofer-Moreno.jpg&#8221; _builder_version=&#8221;4.16&#8243; _module_preset=&#8221;default&#8221; global_colors_info=&#8221;{}&#8221;]<\/p>\n<p style=\"text-align: center\"><span>E:\u00a0<\/span><a href=\"mailto:martina.moreno@wolkenrot.at\"><span id=\"m_2721543278707703995m_-2617432342848955922:lk.5\">martina<\/span>.<span id=\"m_2721543278707703995m_-2617432342848955922:lk.6\">moreno<\/span>@<span id=\"m_2721543278707703995m_-2617432342848955922:lk.7\">wolkenrot<\/span>.<span id=\"m_2721543278707703995m_-2617432342848955922:lk.8\">at<\/span><\/a><a href=\"tel:+436645557349\"><\/a><u><br \/> <a href=\"https:\/\/wolkenrot.at\/wp-content\/uploads\/2020\/06\/Martina-Hofer-Moreno-Sedcard_e.pdf\">Download Profil<\/a><\/u><\/p>\n<p>[\/et_pb_team_member][\/et_pb_column][et_pb_column type=&#8221;1_3&#8243; _builder_version=&#8221;4.16&#8243; _module_preset=&#8221;default&#8221; global_colors_info=&#8221;{}&#8221;][et_pb_team_member name=&#8221;Sarah Weber&#8221; image_url=&#8221;https:\/\/wolkenrot.at\/wp-content\/uploads\/2020\/09\/Sarah-Weber.jpg&#8221; _builder_version=&#8221;4.16&#8243; _module_preset=&#8221;default&#8221; global_colors_info=&#8221;{}&#8221;]<\/p>\n<p style=\"text-align: center\"><span>E:<\/span><span>\u00a0<\/span><a href=\"mailto:sarah.weber@wolkenrot.at\">sarah.weber@wolkenrot.at<br \/><\/a><a href=\"tel:+4369910995346\"><\/a><a href=\"https:\/\/wolkenrot.at\/wp-content\/uploads\/2020\/06\/Sarah-Weber-Sedcard_e.pdf\"><u>Download Profil<\/u><\/a><\/p>\n<p>[\/et_pb_team_member][\/et_pb_column][et_pb_column type=&#8221;1_3&#8243; _builder_version=&#8221;4.16&#8243; _module_preset=&#8221;default&#8221; global_colors_info=&#8221;{}&#8221;][\/et_pb_column][\/et_pb_row][et_pb_row _builder_version=&#8221;4.16&#8243; _module_preset=&#8221;default&#8221; global_colors_info=&#8221;{}&#8221;][et_pb_column type=&#8221;4_4&#8243; _builder_version=&#8221;4.16&#8243; _module_preset=&#8221;default&#8221; global_colors_info=&#8221;{}&#8221;][et_pb_divider _builder_version=&#8221;4.16&#8243; _module_preset=&#8221;default&#8221; global_colors_info=&#8221;{}&#8221;][\/et_pb_divider][\/et_pb_column][\/et_pb_row][\/et_pb_section][et_pb_section fb_built=&#8221;1&#8243; _builder_version=&#8221;4.16&#8243; _module_preset=&#8221;default&#8221; global_colors_info=&#8221;{}&#8221;][et_pb_row _builder_version=&#8221;4.16&#8243; _module_preset=&#8221;default&#8221; global_colors_info=&#8221;{}&#8221;][et_pb_column type=&#8221;4_4&#8243; _builder_version=&#8221;4.16&#8243; _module_preset=&#8221;default&#8221; global_colors_info=&#8221;{}&#8221;][et_pb_text _builder_version=&#8221;4.16&#8243; _module_preset=&#8221;default&#8221; global_colors_info=&#8221;{}&#8221;]<\/p>\n<h3><span style=\"color: #808080\">07.05.2020 um 17:00 Uhr via Zoom \u2013<\/span>\u00a0<span><a href=\"https:\/\/wolkenrot.at\/wp-content\/uploads\/2020\/05\/Happy-Hour-Post-Corona-Management.pdf\">Hier zum Download<\/a><\/span><\/h3>\n<h3><span style=\"color: #808080\">HR-Post-Corona-Management \u2013 Die entscheidende Rolle von HR: Mit der Kurzarbeit fing es an, die wahre Arbeit kommt jetzt.<\/span><\/h3>\n<p>[\/et_pb_text][\/et_pb_column][\/et_pb_row][et_pb_row column_structure=&#8221;1_3,1_3,1_3&#8243; _builder_version=&#8221;4.16&#8243; _module_preset=&#8221;default&#8221; global_colors_info=&#8221;{}&#8221;][et_pb_column type=&#8221;1_3&#8243; _builder_version=&#8221;4.16&#8243; _module_preset=&#8221;default&#8221; global_colors_info=&#8221;{}&#8221;][et_pb_team_member name=&#8221;Martina Krottmayer&#8221; image_url=&#8221;https:\/\/wolkenrot.at\/wp-content\/uploads\/2020\/09\/Martina-Krottmayer.jpg&#8221; _builder_version=&#8221;4.16&#8243; _module_preset=&#8221;default&#8221; global_colors_info=&#8221;{}&#8221;]<\/p>\n<p style=\"text-align: center\"><span>M:<\/span><span>\u00a0<\/span><a href=\"mailto:martina.krottmayer@wolkenrot.at\">martina.krottmayer@wolkenrot.at<\/a><br \/> <a href=\"https:\/\/wolkenrot.at\/wp-content\/uploads\/2020\/06\/Martina-Krottmayer-SedCard.pdf\"><u>Download Profil<\/u><\/a><\/p>\n<p>[\/et_pb_team_member][\/et_pb_column][et_pb_column type=&#8221;1_3&#8243; _builder_version=&#8221;4.16&#8243; _module_preset=&#8221;default&#8221; global_colors_info=&#8221;{}&#8221;][et_pb_team_member name=&#8221;Julia Lipok&#8221; image_url=&#8221;https:\/\/wolkenrot.at\/wp-content\/uploads\/2020\/09\/Julia-Lipok_final.jpg&#8221; _builder_version=&#8221;4.16&#8243; _module_preset=&#8221;default&#8221; global_colors_info=&#8221;{}&#8221;]<\/p>\n<p style=\"text-align: center\"><span>E:\u00a0<\/span><a href=\"mailto:julia.lipok@wolkenrot.at\"><\/a><a href=\"mailto:julia.lipok@wolkenrot.at\">julia.lipok@wolkenrot.at<\/a><a href=\"tel:+436642416321\"><br \/> <\/a><a href=\"https:\/\/wolkenrot.at\/wp-content\/uploads\/2020\/06\/Julia-Lipok-Sedcard_e.pdf\"><u>Download Profil<\/u><\/a><\/p>\n<p>[\/et_pb_team_member][\/et_pb_column][et_pb_column type=&#8221;1_3&#8243; _builder_version=&#8221;4.16&#8243; _module_preset=&#8221;default&#8221; global_colors_info=&#8221;{}&#8221;][\/et_pb_column][\/et_pb_row][et_pb_row _builder_version=&#8221;4.16&#8243; _module_preset=&#8221;default&#8221; global_colors_info=&#8221;{}&#8221;][et_pb_column type=&#8221;4_4&#8243; _builder_version=&#8221;4.16&#8243; _module_preset=&#8221;default&#8221; global_colors_info=&#8221;{}&#8221;][et_pb_divider _builder_version=&#8221;4.16&#8243; _module_preset=&#8221;default&#8221; global_colors_info=&#8221;{}&#8221;][\/et_pb_divider][\/et_pb_column][\/et_pb_row][\/et_pb_section][et_pb_section fb_built=&#8221;1&#8243; _builder_version=&#8221;4.16&#8243; _module_preset=&#8221;default&#8221; global_colors_info=&#8221;{}&#8221;][et_pb_row _builder_version=&#8221;4.16&#8243; _module_preset=&#8221;default&#8221; global_colors_info=&#8221;{}&#8221;][et_pb_column type=&#8221;4_4&#8243; _builder_version=&#8221;4.16&#8243; _module_preset=&#8221;default&#8221; global_colors_info=&#8221;{}&#8221;][et_pb_text _builder_version=&#8221;4.16&#8243; _module_preset=&#8221;default&#8221; global_colors_info=&#8221;{}&#8221;]<\/p>\n<h3><span style=\"color: #808080\">30.04.2020 um 17:00 Uhr via Zoom \u2013<\/span>\u00a0<span><a href=\"https:\/\/wolkenrot.at\/wp-content\/uploads\/2020\/05\/Happy-Hour_Remote_Leadership.pdf\">Hier zum Download<\/a><\/span><\/h3>\n<h3><span style=\"color: #808080\">Remote Leadership beginnt mit dem Videomeeting \u2013\u00a0Noch nie gab es so viele Menschen, die von zuhause aus arbeiten, und Besprechungen mit MitarbeiterInnen \u00fcber Video! Wir zeigen Ihnen das kleine Einmaleins was F\u00fchren in einem solchen Umfeld bedeutet und tauschen Erfahrungen aus.<\/span><\/h3>\n<p>[\/et_pb_text][\/et_pb_column][\/et_pb_row][et_pb_row column_structure=&#8221;1_3,1_3,1_3&#8243; _builder_version=&#8221;4.16&#8243; _module_preset=&#8221;default&#8221; global_colors_info=&#8221;{}&#8221;][et_pb_column type=&#8221;1_3&#8243; _builder_version=&#8221;4.16&#8243; _module_preset=&#8221;default&#8221; global_colors_info=&#8221;{}&#8221;][et_pb_team_member name=&#8221;Tanya Pagani&#8221; image_url=&#8221;https:\/\/wolkenrot.at\/wp-content\/uploads\/2018\/04\/Tanya-Pagani-Final.jpg&#8221; _builder_version=&#8221;4.16&#8243; _module_preset=&#8221;default&#8221; global_colors_info=&#8221;{}&#8221;]<\/p>\n<p style=\"text-align: center\"><span>E:\u00a0<\/span><a href=\"mailto:tanya.pagani@wolkenrot.at\">tanya.pagani@wolkenrot.at<\/a><br \/> <a href=\"https:\/\/wolkenrot.at\/wp-content\/uploads\/2020\/06\/Tanya-Pagani.pdf\"><u>Download Profil<\/u><\/a><\/p>\n<p>[\/et_pb_team_member][\/et_pb_column][et_pb_column type=&#8221;1_3&#8243; _builder_version=&#8221;4.16&#8243; _module_preset=&#8221;default&#8221; global_colors_info=&#8221;{}&#8221;][et_pb_team_member name=&#8221;Rudolf Vogl&#8221; image_url=&#8221;https:\/\/wolkenrot.at\/wp-content\/uploads\/2021\/02\/Rudolf-Vogl_remote-Leadership.jpg&#8221; _builder_version=&#8221;4.16&#8243; _module_preset=&#8221;default&#8221; global_colors_info=&#8221;{}&#8221;]<\/p>\n<p style=\"text-align: center\"><span>E:<\/span><span>\u00a0<\/span><a href=\"mailto:rudolf.vogl@wolkenrot.at\">rudolf.vogl@wolkenrot.at<\/a><a href=\"tel:+436645442658\"><\/a><a href=\"tel:+4369919561836\"><br \/> <\/a><a href=\"https:\/\/wolkenrot.at\/wp-content\/uploads\/2020\/06\/Rudolf-Vogl-Sedcard_e.pdf\"><u>Download Profil<\/u><\/a><\/p>\n<p>[\/et_pb_team_member][\/et_pb_column][et_pb_column type=&#8221;1_3&#8243; _builder_version=&#8221;4.16&#8243; _module_preset=&#8221;default&#8221; global_colors_info=&#8221;{}&#8221;][\/et_pb_column][\/et_pb_row][et_pb_row _builder_version=&#8221;4.16&#8243; _module_preset=&#8221;default&#8221; global_colors_info=&#8221;{}&#8221;][et_pb_column type=&#8221;4_4&#8243; _builder_version=&#8221;4.16&#8243; _module_preset=&#8221;default&#8221; global_colors_info=&#8221;{}&#8221;][et_pb_divider _builder_version=&#8221;4.16&#8243; _module_preset=&#8221;default&#8221; global_colors_info=&#8221;{}&#8221;][\/et_pb_divider][\/et_pb_column][\/et_pb_row][\/et_pb_section][et_pb_section fb_built=&#8221;1&#8243; _builder_version=&#8221;4.16&#8243; _module_preset=&#8221;default&#8221; global_colors_info=&#8221;{}&#8221;][et_pb_row _builder_version=&#8221;4.16&#8243; _module_preset=&#8221;default&#8221; global_colors_info=&#8221;{}&#8221;][et_pb_column type=&#8221;4_4&#8243; _builder_version=&#8221;4.16&#8243; _module_preset=&#8221;default&#8221; global_colors_info=&#8221;{}&#8221;][et_pb_text _builder_version=&#8221;4.16&#8243; _module_preset=&#8221;default&#8221; global_colors_info=&#8221;{}&#8221;]<\/p>\n<h3><span><span style=\"color: #808080\">23.04.2020 um 17:00 Uhr via Zoom\u00a0 \u2013<\/span>\u00a0<\/span><span><a href=\"https:\/\/wolkenrot.at\/wp-content\/uploads\/2020\/04\/Zuversicht-Pr%C3%A4sentation-20200423.pdf\">Hier zum Download<\/a><\/span><\/h3>\n<h3><span style=\"color: #808080\">Zuversicht in herausfordernden Zeiten \u2013 Wie Sie als HR-ManagerIn und F\u00fchrungskraft Ihre eigene Zuversicht n\u00e4hren und in dieser Zeit in Ihrem Unternehmen ausstrahlen. Freuen Sie sich auf einen spannenden und interaktiven Workshop!<\/span><\/h3>\n<p>[\/et_pb_text][\/et_pb_column][\/et_pb_row][et_pb_row column_structure=&#8221;1_3,1_3,1_3&#8243; _builder_version=&#8221;4.16&#8243; _module_preset=&#8221;default&#8221; global_colors_info=&#8221;{}&#8221;][et_pb_column type=&#8221;1_3&#8243; _builder_version=&#8221;4.16&#8243; _module_preset=&#8221;default&#8221; global_colors_info=&#8221;{}&#8221;][et_pb_team_member name=&#8221;Doris Sch\u00e4fer&#8221; image_url=&#8221;https:\/\/wolkenrot.at\/wp-content\/uploads\/2020\/09\/Doris-Schafer.jpg&#8221; _builder_version=&#8221;4.16&#8243; _module_preset=&#8221;default&#8221; global_colors_info=&#8221;{}&#8221;]<\/p>\n<p style=\"text-align: center\"><span>E:\u00a0<\/span><a href=\"mailto:doris.schaefer@wolkenrot.at\">doris.schaefer@wolkenrot.at<\/a><br \/> <a href=\"https:\/\/wolkenrot.at\/wp-content\/uploads\/2020\/06\/Doris-Sch%C3%A4fer.pdf\"><u>Download Profil<\/u><\/a><\/p>\n<p>[\/et_pb_team_member][\/et_pb_column][et_pb_column type=&#8221;1_3&#8243; _builder_version=&#8221;4.16&#8243; _module_preset=&#8221;default&#8221; global_colors_info=&#8221;{}&#8221;][et_pb_team_member name=&#8221;Edeltraud Schlegel&#8221; image_url=&#8221;https:\/\/wolkenrot.at\/wp-content\/uploads\/2020\/09\/Edeltraud-Schlegel.jpg&#8221; _builder_version=&#8221;4.16&#8243; _module_preset=&#8221;default&#8221; global_colors_info=&#8221;{}&#8221;]<\/p>\n<p style=\"text-align: center\"><span>E:\u00a0<\/span><a href=\"mailto:es@edelcoaching.com\">es@edelcoaching.com<\/a><a href=\"tel:+4369919561836\"><br \/> <\/a><a href=\"https:\/\/wolkenrot.at\/wp-content\/uploads\/2020\/06\/Edeltraud-Schlegel.pdf\"><u>Download Profil<\/u><\/a><\/p>\n<p>[\/et_pb_team_member][\/et_pb_column][et_pb_column type=&#8221;1_3&#8243; _builder_version=&#8221;4.16&#8243; _module_preset=&#8221;default&#8221; global_colors_info=&#8221;{}&#8221;][\/et_pb_column][\/et_pb_row][et_pb_row _builder_version=&#8221;4.16&#8243; _module_preset=&#8221;default&#8221; global_colors_info=&#8221;{}&#8221;][et_pb_column type=&#8221;4_4&#8243; _builder_version=&#8221;4.16&#8243; _module_preset=&#8221;default&#8221; global_colors_info=&#8221;{}&#8221;][et_pb_divider _builder_version=&#8221;4.16&#8243; _module_preset=&#8221;default&#8221; global_colors_info=&#8221;{}&#8221;][\/et_pb_divider][\/et_pb_column][\/et_pb_row][\/et_pb_section][et_pb_section fb_built=&#8221;1&#8243; _builder_version=&#8221;4.16&#8243; _module_preset=&#8221;default&#8221; global_colors_info=&#8221;{}&#8221;][et_pb_row _builder_version=&#8221;4.16&#8243; _module_preset=&#8221;default&#8221; global_colors_info=&#8221;{}&#8221;][et_pb_column type=&#8221;4_4&#8243; _builder_version=&#8221;4.16&#8243; _module_preset=&#8221;default&#8221; global_colors_info=&#8221;{}&#8221;][et_pb_text _builder_version=&#8221;4.16&#8243; _module_preset=&#8221;default&#8221; global_colors_info=&#8221;{}&#8221;]<\/p>\n<h3><span><span style=\"color: #808080\">16.04.2020 um 17:00 Uhr via Zoom\u00a0\u2013<\/span>\u00a0<a href=\"https:\/\/wolkenrot.at\/wp-content\/uploads\/2020\/04\/Happy-Hour_kombi_Change-Psycho16042020.pdf\">Hier zum Download<\/a><\/span><\/h3>\n<h3><span style=\"color: #808080\">Organisationsentwicklung eine Antwort auf die Krise \u2013 wie Sie mit professionellem Projekt- und Changemanagement jetzt die richtigen Schritte setzen.<\/span><br \/><span style=\"color: #808080\">Tipps f\u00fcr Ihre F\u00fchrungskr\u00e4fte zum Umgang mit dem Thema \u201epsychische Belastung\u201c.<\/span><\/h3>\n<p>[\/et_pb_text][\/et_pb_column][\/et_pb_row][et_pb_row column_structure=&#8221;1_3,1_3,1_3&#8243; _builder_version=&#8221;4.16&#8243; _module_preset=&#8221;default&#8221; global_colors_info=&#8221;{}&#8221;][et_pb_column type=&#8221;1_3&#8243; _builder_version=&#8221;4.16&#8243; _module_preset=&#8221;default&#8221; global_colors_info=&#8221;{}&#8221;][et_pb_team_member name=&#8221;Birgit Slotta-Bachmayr&#8221; image_url=&#8221;https:\/\/wolkenrot.at\/wp-content\/uploads\/2020\/12\/Birgit-Slotta-Bachmayr.jpg&#8221; _builder_version=&#8221;4.16&#8243; _module_preset=&#8221;default&#8221; text_orientation=&#8221;left&#8221; global_colors_info=&#8221;{}&#8221;]<\/p>\n<p style=\"text-align: center\"><span>E:\u00a0<\/span><a href=\"mailto:birgit.slotta-bachmayr@wolkenrot.at\">birgit.slotta-bachmayr@wolkenrot.at<\/a><br \/> <a href=\"https:\/\/wolkenrot.at\/wp-content\/uploads\/2020\/01\/Birgit-Slotta-Bachmayr-Setkarte.pdf\"><u>Download Profil<\/u><\/a><\/p>\n<p>[\/et_pb_team_member][\/et_pb_column][et_pb_column type=&#8221;1_3&#8243; _builder_version=&#8221;4.16&#8243; _module_preset=&#8221;default&#8221; global_colors_info=&#8221;{}&#8221;][et_pb_team_member name=&#8221;Susanne Reinelt&#8221; image_url=&#8221;https:\/\/wolkenrot.at\/wp-content\/uploads\/2020\/09\/Susanne-Reinelt.jpg&#8221; _builder_version=&#8221;4.16&#8243; _module_preset=&#8221;default&#8221; text_orientation=&#8221;left&#8221; global_colors_info=&#8221;{}&#8221;]<\/p>\n<p style=\"text-align: center\"><span>E:\u00a0<\/span><a href=\"mailto:reinelt@danubia-trade.com\">reinelt@danubia-trade.com<\/a><a href=\"tel:+436642416321\"><br \/> <\/a><a href=\"https:\/\/wolkenrot.at\/wp-content\/uploads\/2020\/09\/Susanne-Reinelt.pdf\"><u>Download Profil<\/u><\/a><\/p>\n<p>[\/et_pb_team_member][\/et_pb_column][et_pb_column type=&#8221;1_3&#8243; _builder_version=&#8221;4.16&#8243; _module_preset=&#8221;default&#8221; global_colors_info=&#8221;{}&#8221;][\/et_pb_column][\/et_pb_row][et_pb_row _builder_version=&#8221;4.16&#8243; _module_preset=&#8221;default&#8221; global_colors_info=&#8221;{}&#8221;][et_pb_column type=&#8221;4_4&#8243; _builder_version=&#8221;4.16&#8243; _module_preset=&#8221;default&#8221; global_colors_info=&#8221;{}&#8221;][et_pb_divider _builder_version=&#8221;4.16&#8243; _module_preset=&#8221;default&#8221; global_colors_info=&#8221;{}&#8221;][\/et_pb_divider][\/et_pb_column][\/et_pb_row][\/et_pb_section][et_pb_section fb_built=&#8221;1&#8243; _builder_version=&#8221;4.16&#8243; _module_preset=&#8221;default&#8221; global_colors_info=&#8221;{}&#8221;][et_pb_row _builder_version=&#8221;4.16&#8243; _module_preset=&#8221;default&#8221; global_colors_info=&#8221;{}&#8221;][et_pb_column type=&#8221;4_4&#8243; _builder_version=&#8221;4.16&#8243; _module_preset=&#8221;default&#8221; global_colors_info=&#8221;{}&#8221;][et_pb_text _builder_version=&#8221;4.16&#8243; _module_preset=&#8221;default&#8221; global_colors_info=&#8221;{}&#8221;]<\/p>\n<h3><span><span style=\"color: #808080\">09.04.2020 um 17:00 Uhr via Zoom \u2013<\/span>\u00a0<a href=\"https:\/\/wolkenrot.at\/wp-content\/uploads\/2020\/04\/Happy-Hour-Kurzarbeit-Zusammenfassung.pdf\">Hier zum Download<\/a><\/span><\/h3>\n<h3><span style=\"color: #808080\">Kurzarbeit, Arbeitsrecht und Krisenkommunikation \u2013 wir diskutieren aktuelle Praxisbeispiele.\u00a0<\/span><\/h3>\n<p>[\/et_pb_text][\/et_pb_column][\/et_pb_row][et_pb_row column_structure=&#8221;1_3,1_3,1_3&#8243; _builder_version=&#8221;4.16&#8243; _module_preset=&#8221;default&#8221; global_colors_info=&#8221;{}&#8221;][et_pb_column type=&#8221;1_3&#8243; _builder_version=&#8221;4.16&#8243; _module_preset=&#8221;default&#8221; global_colors_info=&#8221;{}&#8221;][et_pb_team_member name=&#8221;Susanne Buchberger&#8221; image_url=&#8221;https:\/\/wolkenrot.at\/wp-content\/uploads\/2020\/09\/Susanne_Buchberger.jpg&#8221; _builder_version=&#8221;4.16&#8243; _module_preset=&#8221;default&#8221; text_orientation=&#8221;left&#8221; global_colors_info=&#8221;{}&#8221;]<\/p>\n<p style=\"text-align: center\"><span>E:<\/span><span>\u00a0<\/span><a href=\"mailto:susanne.buchberger@wolkenrot.at\">susanne.buchberger@wolkenrot.at<\/a><u><br \/> <\/u><a href=\"https:\/\/wolkenrot.at\/wp-content\/uploads\/2020\/01\/Susanne-Buchberger.pdfhttps:\/\/wolkenrot.at\/wp-content\/uploads\/2020\/01\/Susanne-Buchberger.pdf\"><u>Download Profil<\/u><\/a><\/p>\n<p>[\/et_pb_team_member][\/et_pb_column][et_pb_column type=&#8221;1_3&#8243; _builder_version=&#8221;4.16&#8243; _module_preset=&#8221;default&#8221; global_colors_info=&#8221;{}&#8221;][et_pb_team_member name=&#8221;Petra Payer&#8221; image_url=&#8221;https:\/\/wolkenrot.at\/wp-content\/uploads\/2020\/09\/Petra-Payer.jpg&#8221; _builder_version=&#8221;4.16&#8243; _module_preset=&#8221;default&#8221; text_orientation=&#8221;left&#8221; global_colors_info=&#8221;{}&#8221;]<\/p>\n<div>\n<p style=\"text-align: center\">E:<span>\u00a0<\/span><a href=\"mailto:petra.payer@wolkenrot.at\">petra.payer@wolkenrot.at<\/a><a href=\"tel:+436604214102\"><br \/> <\/a><u><a href=\"https:\/\/wolkenrot.at\/wp-content\/uploads\/2020\/06\/Petra-Payer-Sedcard_e.pdf\">Download Profil<\/a><\/u><\/p>\n<\/div>\n<p>[\/et_pb_team_member][\/et_pb_column][et_pb_column type=&#8221;1_3&#8243; _builder_version=&#8221;4.16&#8243; _module_preset=&#8221;default&#8221; global_colors_info=&#8221;{}&#8221;][\/et_pb_column][\/et_pb_row][\/et_pb_section][et_pb_section fb_built=&#8221;1&#8243; _builder_version=&#8221;4.16&#8243; _module_preset=&#8221;default&#8221; global_colors_info=&#8221;{}&#8221;][et_pb_row _builder_version=&#8221;4.16&#8243; _module_preset=&#8221;default&#8221; global_colors_info=&#8221;{}&#8221;][et_pb_column type=&#8221;4_4&#8243; _builder_version=&#8221;4.16&#8243; _module_preset=&#8221;default&#8221; global_colors_info=&#8221;{}&#8221;][\/et_pb_column][\/et_pb_row][\/et_pb_section]<\/p>\n","protected":false},"excerpt":{"rendered":"<p>Schalte (dich) ein! Happy Hour 02.02.2023 um 17:00! Uhr via Zoom Happy Hour &#8211; Recruiting F\u00fchrungskr\u00e4fte, die nicht rekrutieren, geh\u00f6ren in die Steinzeit!\u00a0 Du kennst die Problematik:\u00a0Es sind Kandidat:innen da, trotzdem kannst du nicht besetzen. Du stellst dir die Fragen:\u00a0 Sind F\u00fchrungskr\u00e4fte aktiv ins Recruiting eingebunden? Wie engagieren sich die Teamleiter:innen im Recruiting Prozess? Werden [&hellip;]<\/p>\n","protected":false},"author":1,"featured_media":13988,"parent":11184,"menu_order":0,"comment_status":"closed","ping_status":"closed","template":"","meta":{"_et_pb_use_builder":"on","_et_pb_old_content":"","_et_gb_content_width":"","footnotes":""},"class_list":["post-11367","page","type-page","status-publish","has-post-thumbnail","hentry"],"yoast_head":"<!-- This site is optimized with the Yoast SEO plugin v26.9 - https:\/\/yoast.com\/product\/yoast-seo-wordpress\/ -->\n<title>Happy Hour - Wolkenrot | HR enhancedHappy Hour - Wolkenrot | HR enhanced<\/title>\n<meta name=\"description\" content=\"Happy Hour - the virtual meeting place for exchanging ideas about digitalization, remote leadership, short-time work and much more!\" \/>\n<meta name=\"robots\" content=\"index, follow, max-snippet:-1, max-image-preview:large, max-video-preview:-1\" \/>\n<link rel=\"canonical\" href=\"https:\/\/wolkenrot.at\/en\/online-services\/happy-hour\/\" \/>\n<meta property=\"og:locale\" content=\"en_US\" \/>\n<meta property=\"og:type\" content=\"article\" \/>\n<meta property=\"og:title\" content=\"Happy Hour - Wolkenrot | HR enhancedHappy Hour - Wolkenrot | HR enhanced\" \/>\n<meta property=\"og:description\" content=\"Happy Hour - the virtual meeting place for exchanging ideas about digitalization, remote leadership, short-time work and much more!\" \/>\n<meta property=\"og:url\" content=\"https:\/\/wolkenrot.at\/en\/online-services\/happy-hour\/\" \/>\n<meta property=\"og:site_name\" content=\"Wolkenrot\" \/>\n<meta property=\"article:modified_time\" content=\"2023-08-30T10:16:00+00:00\" \/>\n<meta property=\"og:image\" content=\"https:\/\/wolkenrot.at\/wp-content\/uploads\/2020\/06\/Einladung-Happy-Hour-angepasst.png\" \/>\n\t<meta property=\"og:image:width\" content=\"500\" \/>\n\t<meta property=\"og:image:height\" content=\"593\" \/>\n\t<meta property=\"og:image:type\" content=\"image\/png\" \/>\n<meta name=\"twitter:card\" content=\"summary_large_image\" \/>\n<meta name=\"twitter:label1\" content=\"Est. reading time\" \/>\n\t<meta name=\"twitter:data1\" content=\"40 minutes\" \/>\n<script type=\"application\/ld+json\" class=\"yoast-schema-graph\">{\"@context\":\"https:\/\/schema.org\",\"@graph\":[{\"@type\":\"WebPage\",\"@id\":\"https:\/\/wolkenrot.at\/en\/online-services\/happy-hour\/\",\"url\":\"https:\/\/wolkenrot.at\/en\/online-services\/happy-hour\/\",\"name\":\"Happy Hour - Wolkenrot | HR enhancedHappy Hour - Wolkenrot | HR enhanced\",\"isPartOf\":{\"@id\":\"https:\/\/wolkenrot.at\/en\/#website\"},\"primaryImageOfPage\":{\"@id\":\"https:\/\/wolkenrot.at\/en\/online-services\/happy-hour\/#primaryimage\"},\"image\":{\"@id\":\"https:\/\/wolkenrot.at\/en\/online-services\/happy-hour\/#primaryimage\"},\"thumbnailUrl\":\"https:\/\/wolkenrot.at\/wp-content\/uploads\/2026\/01\/wolkenrot-teatime-logo-vermillion-rgb-1.png\",\"datePublished\":\"2023-08-30T10:15:58+00:00\",\"dateModified\":\"2023-08-30T10:16:00+00:00\",\"description\":\"Happy Hour - the virtual meeting place for exchanging ideas about digitalization, remote leadership, short-time work and much more!\",\"breadcrumb\":{\"@id\":\"https:\/\/wolkenrot.at\/en\/online-services\/happy-hour\/#breadcrumb\"},\"inLanguage\":\"en-US\",\"potentialAction\":[{\"@type\":\"ReadAction\",\"target\":[\"https:\/\/wolkenrot.at\/en\/online-services\/happy-hour\/\"]}]},{\"@type\":\"ImageObject\",\"inLanguage\":\"en-US\",\"@id\":\"https:\/\/wolkenrot.at\/en\/online-services\/happy-hour\/#primaryimage\",\"url\":\"https:\/\/wolkenrot.at\/wp-content\/uploads\/2026\/01\/wolkenrot-teatime-logo-vermillion-rgb-1.png\",\"contentUrl\":\"https:\/\/wolkenrot.at\/wp-content\/uploads\/2026\/01\/wolkenrot-teatime-logo-vermillion-rgb-1.png\",\"width\":1080,\"height\":1080,\"caption\":\"Wolkenrot Tea Time\"},{\"@type\":\"BreadcrumbList\",\"@id\":\"https:\/\/wolkenrot.at\/en\/online-services\/happy-hour\/#breadcrumb\",\"itemListElement\":[{\"@type\":\"ListItem\",\"position\":1,\"name\":\"Startseite\",\"item\":\"https:\/\/wolkenrot.at\/en\/\"},{\"@type\":\"ListItem\",\"position\":2,\"name\":\"Online services\",\"item\":\"https:\/\/wolkenrot.at\/en\/online-services\/\"},{\"@type\":\"ListItem\",\"position\":3,\"name\":\"Happy Hour\"}]},{\"@type\":\"WebSite\",\"@id\":\"https:\/\/wolkenrot.at\/en\/#website\",\"url\":\"https:\/\/wolkenrot.at\/en\/\",\"name\":\"Wolkenrot\",\"description\":\"HR Interim Management\",\"publisher\":{\"@id\":\"https:\/\/wolkenrot.at\/en\/#organization\"},\"potentialAction\":[{\"@type\":\"SearchAction\",\"target\":{\"@type\":\"EntryPoint\",\"urlTemplate\":\"https:\/\/wolkenrot.at\/en\/?s={search_term_string}\"},\"query-input\":{\"@type\":\"PropertyValueSpecification\",\"valueRequired\":true,\"valueName\":\"search_term_string\"}}],\"inLanguage\":\"en-US\"},{\"@type\":\"Organization\",\"@id\":\"https:\/\/wolkenrot.at\/en\/#organization\",\"name\":\"Wolkenrot Personalmanagement GmbH\",\"url\":\"https:\/\/wolkenrot.at\/en\/\",\"logo\":{\"@type\":\"ImageObject\",\"inLanguage\":\"en-US\",\"@id\":\"https:\/\/wolkenrot.at\/en\/#\/schema\/logo\/image\/\",\"url\":\"\",\"contentUrl\":\"\",\"caption\":\"Wolkenrot Personalmanagement GmbH\"},\"image\":{\"@id\":\"https:\/\/wolkenrot.at\/en\/#\/schema\/logo\/image\/\"},\"sameAs\":[\"https:\/\/www.linkedin.com\/company\/wolkenrot-personalmanagement-gmbh\",\"https:\/\/www.youtube.com\/channel\/UCOSVAZeDz5ZN1u0A-VaVzVQ\"]}]}<\/script>\n<!-- \/ Yoast SEO plugin. -->","yoast_head_json":{"title":"Happy Hour - Wolkenrot | HR enhancedHappy Hour - Wolkenrot | HR enhanced","description":"Happy Hour - the virtual meeting place for exchanging ideas about digitalization, remote leadership, short-time work and much more!","robots":{"index":"index","follow":"follow","max-snippet":"max-snippet:-1","max-image-preview":"max-image-preview:large","max-video-preview":"max-video-preview:-1"},"canonical":"https:\/\/wolkenrot.at\/en\/online-services\/happy-hour\/","og_locale":"en_US","og_type":"article","og_title":"Happy Hour - Wolkenrot | HR enhancedHappy Hour - Wolkenrot | HR enhanced","og_description":"Happy Hour - the virtual meeting place for exchanging ideas about digitalization, remote leadership, short-time work and much more!","og_url":"https:\/\/wolkenrot.at\/en\/online-services\/happy-hour\/","og_site_name":"Wolkenrot","article_modified_time":"2023-08-30T10:16:00+00:00","og_image":[{"width":500,"height":593,"url":"https:\/\/wolkenrot.at\/wp-content\/uploads\/2020\/06\/Einladung-Happy-Hour-angepasst.png","type":"image\/png"}],"twitter_card":"summary_large_image","twitter_misc":{"Est. reading time":"40 minutes"},"schema":{"@context":"https:\/\/schema.org","@graph":[{"@type":"WebPage","@id":"https:\/\/wolkenrot.at\/en\/online-services\/happy-hour\/","url":"https:\/\/wolkenrot.at\/en\/online-services\/happy-hour\/","name":"Happy Hour - Wolkenrot | HR enhancedHappy Hour - Wolkenrot | HR enhanced","isPartOf":{"@id":"https:\/\/wolkenrot.at\/en\/#website"},"primaryImageOfPage":{"@id":"https:\/\/wolkenrot.at\/en\/online-services\/happy-hour\/#primaryimage"},"image":{"@id":"https:\/\/wolkenrot.at\/en\/online-services\/happy-hour\/#primaryimage"},"thumbnailUrl":"https:\/\/wolkenrot.at\/wp-content\/uploads\/2026\/01\/wolkenrot-teatime-logo-vermillion-rgb-1.png","datePublished":"2023-08-30T10:15:58+00:00","dateModified":"2023-08-30T10:16:00+00:00","description":"Happy Hour - the virtual meeting place for exchanging ideas about digitalization, remote leadership, short-time work and much more!","breadcrumb":{"@id":"https:\/\/wolkenrot.at\/en\/online-services\/happy-hour\/#breadcrumb"},"inLanguage":"en-US","potentialAction":[{"@type":"ReadAction","target":["https:\/\/wolkenrot.at\/en\/online-services\/happy-hour\/"]}]},{"@type":"ImageObject","inLanguage":"en-US","@id":"https:\/\/wolkenrot.at\/en\/online-services\/happy-hour\/#primaryimage","url":"https:\/\/wolkenrot.at\/wp-content\/uploads\/2026\/01\/wolkenrot-teatime-logo-vermillion-rgb-1.png","contentUrl":"https:\/\/wolkenrot.at\/wp-content\/uploads\/2026\/01\/wolkenrot-teatime-logo-vermillion-rgb-1.png","width":1080,"height":1080,"caption":"Wolkenrot Tea Time"},{"@type":"BreadcrumbList","@id":"https:\/\/wolkenrot.at\/en\/online-services\/happy-hour\/#breadcrumb","itemListElement":[{"@type":"ListItem","position":1,"name":"Startseite","item":"https:\/\/wolkenrot.at\/en\/"},{"@type":"ListItem","position":2,"name":"Online services","item":"https:\/\/wolkenrot.at\/en\/online-services\/"},{"@type":"ListItem","position":3,"name":"Happy Hour"}]},{"@type":"WebSite","@id":"https:\/\/wolkenrot.at\/en\/#website","url":"https:\/\/wolkenrot.at\/en\/","name":"Wolkenrot","description":"HR Interim Management","publisher":{"@id":"https:\/\/wolkenrot.at\/en\/#organization"},"potentialAction":[{"@type":"SearchAction","target":{"@type":"EntryPoint","urlTemplate":"https:\/\/wolkenrot.at\/en\/?s={search_term_string}"},"query-input":{"@type":"PropertyValueSpecification","valueRequired":true,"valueName":"search_term_string"}}],"inLanguage":"en-US"},{"@type":"Organization","@id":"https:\/\/wolkenrot.at\/en\/#organization","name":"Wolkenrot Personalmanagement GmbH","url":"https:\/\/wolkenrot.at\/en\/","logo":{"@type":"ImageObject","inLanguage":"en-US","@id":"https:\/\/wolkenrot.at\/en\/#\/schema\/logo\/image\/","url":"","contentUrl":"","caption":"Wolkenrot Personalmanagement GmbH"},"image":{"@id":"https:\/\/wolkenrot.at\/en\/#\/schema\/logo\/image\/"},"sameAs":["https:\/\/www.linkedin.com\/company\/wolkenrot-personalmanagement-gmbh","https:\/\/www.youtube.com\/channel\/UCOSVAZeDz5ZN1u0A-VaVzVQ"]}]}},"_links":{"self":[{"href":"https:\/\/wolkenrot.at\/en\/wp-json\/wp\/v2\/pages\/11367","targetHints":{"allow":["GET"]}}],"collection":[{"href":"https:\/\/wolkenrot.at\/en\/wp-json\/wp\/v2\/pages"}],"about":[{"href":"https:\/\/wolkenrot.at\/en\/wp-json\/wp\/v2\/types\/page"}],"author":[{"embeddable":true,"href":"https:\/\/wolkenrot.at\/en\/wp-json\/wp\/v2\/users\/1"}],"replies":[{"embeddable":true,"href":"https:\/\/wolkenrot.at\/en\/wp-json\/wp\/v2\/comments?post=11367"}],"version-history":[{"count":1,"href":"https:\/\/wolkenrot.at\/en\/wp-json\/wp\/v2\/pages\/11367\/revisions"}],"predecessor-version":[{"id":11368,"href":"https:\/\/wolkenrot.at\/en\/wp-json\/wp\/v2\/pages\/11367\/revisions\/11368"}],"up":[{"embeddable":true,"href":"https:\/\/wolkenrot.at\/en\/wp-json\/wp\/v2\/pages\/11184"}],"wp:featuredmedia":[{"embeddable":true,"href":"https:\/\/wolkenrot.at\/en\/wp-json\/wp\/v2\/media\/13988"}],"wp:attachment":[{"href":"https:\/\/wolkenrot.at\/en\/wp-json\/wp\/v2\/media?parent=11367"}],"curies":[{"name":"wp","href":"https:\/\/api.w.org\/{rel}","templated":true}]}}